{"id":30,"date":"2025-09-06T17:45:46","date_gmt":"2025-09-06T15:45:46","guid":{"rendered":"https:\/\/pmmns.palacmlodziezy.pl\/?page_id=30"},"modified":"2025-09-06T17:45:46","modified_gmt":"2025-09-06T15:45:46","slug":"dzial-muzyki-i-tanca","status":"publish","type":"page","link":"https:\/\/pmmns.palacmlodziezy.pl\/?page_id=30","title":{"rendered":"Dzia\u0142 Muzyki i Ta\u0144ca"},"content":{"rendered":"\n<figure class=\"wp-block-image\"><a href=\"https:\/\/palacmlodziezy.pl\/dzial-muzyki-i-tanca-2\/agata-rolka-muzyki-2\/\"><img  title=\"\" decoding=\"async\" src=\"https:\/\/palacmlodziezy.pl\/wp-content\/uploads\/2024\/09\/agata-rolka-muzyki-1-1024x724.jpg\"  alt=\"agata-rolka-muzyki-1-1024x724 Dzia\u0142 Muzyki i Ta\u0144ca\" \/><\/a><figcaption class=\"wp-element-caption\"><a href=\"http:\/\/palacmlodziezy.pl\/?page_id=21227&amp;preview=true\">Agata Rolka<\/a><\/figcaption><\/figure>\n\n\n\n<p class=\"wp-block-paragraph\"><\/p>\n\n\n\n<figure class=\"wp-block-image\"><a href=\"https:\/\/palacmlodziezy.pl\/dzial-muzyki-i-tanca-2\/urszula-baziak-muzyki\/\"><img  title=\"\" decoding=\"async\" src=\"https:\/\/palacmlodziezy.pl\/wp-content\/uploads\/2024\/09\/urszula-baziak-muzyki-1024x724.jpg\"  alt=\"urszula-baziak-muzyki-1024x724 Dzia\u0142 Muzyki i Ta\u0144ca\" \/><\/a><figcaption class=\"wp-element-caption\"><a href=\"http:\/\/palacmlodziezy.pl\/urszula-baziak\/\">Urszula Baziak<\/a><\/figcaption><\/figure>\n\n\n\n<p class=\"wp-block-paragraph\"><\/p>\n\n\n\n<p class=\"wp-block-paragraph\"><\/p>\n\n\n\n<figure class=\"wp-block-image\"><a href=\"https:\/\/palacmlodziezy.pl\/dzial-muzyki-i-tanca-2\/dorota-gwizdz-muzyki\/\"><img  title=\"\" decoding=\"async\" src=\"https:\/\/palacmlodziezy.pl\/wp-content\/uploads\/2024\/09\/dorota-gwizdz-muzyki-1024x724.jpg\"  alt=\"dorota-gwizdz-muzyki-1024x724 Dzia\u0142 Muzyki i Ta\u0144ca\" \/><\/a><figcaption class=\"wp-element-caption\"><a href=\"http:\/\/palacmlodziezy.pl\/dorota-gwizdz\/\">Dorota Gwi\u017cd\u017c<\/a><\/figcaption><\/figure>\n\n\n\n<p class=\"wp-block-paragraph\"><\/p>\n\n\n\n<figure class=\"wp-block-image\"><a href=\"https:\/\/palacmlodziezy.pl\/dzial-muzyki-i-tanca-2\/dorota-szymbara-muzyki\/\"><img  title=\"\" decoding=\"async\" src=\"https:\/\/palacmlodziezy.pl\/wp-content\/uploads\/2024\/09\/dorota-szymbara-muzyki-1024x724.jpg\"  alt=\"dorota-szymbara-muzyki-1024x724 Dzia\u0142 Muzyki i Ta\u0144ca\" \/><\/a><figcaption class=\"wp-element-caption\"><a href=\"http:\/\/palacmlodziezy.pl\/dorota-szymbara\/\">Dorota Szymbara<\/a><\/figcaption><\/figure>\n\n\n\n<p class=\"wp-block-paragraph\"><\/p>\n\n\n\n<figure class=\"wp-block-image\"><a href=\"https:\/\/palacmlodziezy.pl\/dzial-muzyki-i-tanca-2\/pawel-niec-muzyki\/\"><img  title=\"\" decoding=\"async\" src=\"https:\/\/palacmlodziezy.pl\/wp-content\/uploads\/2024\/09\/pawel-niec-muzyki-1024x724.jpg\"  alt=\"pawel-niec-muzyki-1024x724 Dzia\u0142 Muzyki i Ta\u0144ca\" \/><\/a><figcaption class=\"wp-element-caption\"><a href=\"http:\/\/palacmlodziezy.pl\/pawel-niec\/\">Pawe\u0142 Nie\u0107<\/a><\/figcaption><\/figure>\n\n\n\n<p class=\"wp-block-paragraph\"><\/p>\n\n\n\n<figure class=\"wp-block-image\"><a href=\"https:\/\/palacmlodziezy.pl\/dzial-muzyki-i-tanca-2\/piotr-dobosz-muzyki\/\"><img  title=\"\" decoding=\"async\" src=\"https:\/\/palacmlodziezy.pl\/wp-content\/uploads\/2024\/09\/piotr-dobosz-muzyki-1024x724.jpg\"  alt=\"piotr-dobosz-muzyki-1024x724 Dzia\u0142 Muzyki i Ta\u0144ca\" \/><\/a><figcaption class=\"wp-element-caption\"><a href=\"http:\/\/palacmlodziezy.pl\/piotr-dobosz\/\">Piotr Dobosz<\/a><\/figcaption><\/figure>\n\n\n\n<p class=\"wp-block-paragraph\"><\/p>\n\n\n\n<figure class=\"wp-block-image\"><a href=\"https:\/\/palacmlodziezy.pl\/dzial-muzyki-i-tanca-2\/slawomir-dobosz-muzyki\/\"><img  title=\"\" decoding=\"async\" src=\"https:\/\/palacmlodziezy.pl\/wp-content\/uploads\/2024\/09\/slawomir-dobosz-muzyki-1024x724.jpg\"  alt=\"slawomir-dobosz-muzyki-1024x724 Dzia\u0142 Muzyki i Ta\u0144ca\" \/><\/a><figcaption class=\"wp-element-caption\"><a href=\"http:\/\/palacmlodziezy.pl\/slawomir-dobosz\/\">S\u0142awomir Dobosz<\/a><\/figcaption><\/figure>\n\n\n\n<p class=\"wp-block-paragraph\"><\/p>\n\n\n\n<figure class=\"wp-block-image\"><a href=\"https:\/\/palacmlodziezy.pl\/dzial-muzyki-i-tanca-2\/joanna-albrzykowska-clifford-muzyki\/\"><img  title=\"\" decoding=\"async\" src=\"https:\/\/palacmlodziezy.pl\/wp-content\/uploads\/2024\/09\/joanna-albrzykowska-clifford-muzyki-1024x724.jpg\"  alt=\"joanna-albrzykowska-clifford-muzyki-1024x724 Dzia\u0142 Muzyki i Ta\u0144ca\" \/><\/a><figcaption class=\"wp-element-caption\"><a href=\"http:\/\/palacmlodziezy.pl\/joanna-albrzykowska-clifford\/\">Joanna Albrzykowska-Clifford<\/a><\/figcaption><\/figure>\n\n\n\n<p class=\"wp-block-paragraph\"><\/p>\n\n\n\n<figure class=\"wp-block-image\"><a href=\"https:\/\/palacmlodziezy.pl\/dzial-muzyki-i-tanca-2\/milenia-malecka-rogal-muzyki\/\"><img  title=\"\" decoding=\"async\" src=\"https:\/\/palacmlodziezy.pl\/wp-content\/uploads\/2024\/09\/milenia-malecka-rogal-muzyki-1024x724.jpg\"  alt=\"milenia-malecka-rogal-muzyki-1024x724 Dzia\u0142 Muzyki i Ta\u0144ca\" \/><\/a><figcaption class=\"wp-element-caption\"><a href=\"http:\/\/palacmlodziezy.pl\/milenia-malecka-rogal\/\">Milenia Ma\u0142ecka-Rogal<\/a><\/figcaption><\/figure>\n\n\n\n<p class=\"wp-block-paragraph\"><\/p>\n\n\n\n<figure class=\"wp-block-image\"><a href=\"https:\/\/palacmlodziezy.pl\/dzial-muzyki-i-tanca-2\/andrzej-mulka-muzyki\/\"><img  title=\"\" decoding=\"async\" src=\"https:\/\/palacmlodziezy.pl\/wp-content\/uploads\/2024\/09\/andrzej-mulka-muzyki-1024x724.jpg\"  alt=\"andrzej-mulka-muzyki-1024x724 Dzia\u0142 Muzyki i Ta\u0144ca\" \/><\/a><figcaption class=\"wp-element-caption\"><a href=\"http:\/\/palacmlodziezy.pl\/ks-andrzej-mulka\/\">ks.&nbsp;Andrzej Mulka<\/a><\/figcaption><\/figure>\n\n\n\n<p class=\"wp-block-paragraph\"><\/p>\n\n\n\n<p class=\"wp-block-paragraph\"><\/p>\n\n\n\n<figure class=\"wp-block-image\"><a href=\"https:\/\/palacmlodziezy.pl\/dzial-promocji-i-kultury\/agnieszka-basiaga-promocji\/\"><img  title=\"\" decoding=\"async\" src=\"https:\/\/palacmlodziezy.pl\/wp-content\/uploads\/2024\/09\/agnieszka-basiaga-promocji-1024x724.jpg\"  alt=\"agnieszka-basiaga-promocji-1024x724 Dzia\u0142 Muzyki i Ta\u0144ca\" \/><\/a><figcaption class=\"wp-element-caption\"><a href=\"http:\/\/palacmlodziezy.pl\/agnieszka-basiaga-2\/\">Agnieszka Basiaga<\/a><\/figcaption><\/figure>\n\n\n\n<p class=\"wp-block-paragraph\"><\/p>\n\n\n\n<figure class=\"wp-block-image\"><a href=\"https:\/\/palacmlodziezy.pl\/dzial-muzyki-i-tanca-2\/agata-mroz-muzyki\/\"><img  title=\"\" decoding=\"async\" src=\"https:\/\/palacmlodziezy.pl\/wp-content\/uploads\/2024\/09\/agata-mroz-muzyki-1024x724.jpg\"  alt=\"agata-mroz-muzyki-1024x724 Dzia\u0142 Muzyki i Ta\u0144ca\" \/><\/a><figcaption class=\"wp-element-caption\"><a href=\"http:\/\/palacmlodziezy.pl\/agata-mroz\/\">Agata Mr\u00f3z<\/a><\/figcaption><\/figure>\n\n\n\n<p class=\"wp-block-paragraph\"><\/p>\n\n\n\n<figure class=\"wp-block-image\"><a href=\"https:\/\/palacmlodziezy.pl\/dzial-muzyki-i-tanca-2\/sylwia-tomaszewska-siedlarz-muzyki\/\"><img  title=\"\" decoding=\"async\" src=\"https:\/\/palacmlodziezy.pl\/wp-content\/uploads\/2024\/09\/sylwia-tomaszewska-siedlarz-muzyki-1024x724.jpg\"  alt=\"sylwia-tomaszewska-siedlarz-muzyki-1024x724 Dzia\u0142 Muzyki i Ta\u0144ca\" \/><\/a><figcaption class=\"wp-element-caption\"><a href=\"http:\/\/palacmlodziezy.pl\/sylwia-tomaszewska-siedlarz\/\">Sylwia Tomaszewska-Siedlarz<\/a><\/figcaption><\/figure>\n\n\n\n<p class=\"wp-block-paragraph\"><\/p>\n\n\n\n<p class=\"wp-block-paragraph\"><\/p>\n","protected":false},"excerpt":{"rendered":"","protected":false},"author":1,"featured_media":0,"parent":0,"menu_order":0,"comment_status":"closed","ping_status":"closed","template":"","meta":{"footnotes":""},"class_list":["post-30","page","type-page","status-publish","hentry"],"yoast_head":"<!-- This site is optimized with the Yoast SEO plugin v28.0 - https:\/\/yoast.com\/product\/yoast-seo-wordpress\/ -->\n<title>Dzia\u0142 Muzyki i Ta\u0144ca - Pa\u0142ac M\u0142odzie\u017cy<\/title>\n<meta name=\"robots\" content=\"index, follow, max-snippet:-1, max-image-preview:large, max-video-preview:-1\" \/>\n<link rel=\"canonical\" href=\"https:\/\/pmmns.palacmlodziezy.pl\/?page_id=30\" \/>\n<meta property=\"og:locale\" content=\"pl_PL\" \/>\n<meta property=\"og:type\" content=\"article\" \/>\n<meta property=\"og:title\" content=\"Dzia\u0142 Muzyki i Ta\u0144ca - Pa\u0142ac M\u0142odzie\u017cy\" \/>\n<meta property=\"og:url\" content=\"https:\/\/pmmns.palacmlodziezy.pl\/?page_id=30\" \/>\n<meta property=\"og:site_name\" content=\"Pa\u0142ac M\u0142odzie\u017cy\" \/>\n<meta property=\"og:image\" content=\"https:\/\/palacmlodziezy.pl\/wp-content\/uploads\/2024\/09\/agata-rolka-muzyki-1-1024x724.jpg\" \/>\n<meta name=\"twitter:card\" content=\"summary_large_image\" \/>\n<script type=\"application\/ld+json\" class=\"yoast-schema-graph\">{\"@context\":\"https:\\\/\\\/schema.org\",\"@graph\":[{\"@type\":\"WebPage\",\"@id\":\"https:\\\/\\\/pmmns.palacmlodziezy.pl\\\/?page_id=30\",\"url\":\"https:\\\/\\\/pmmns.palacmlodziezy.pl\\\/?page_id=30\",\"name\":\"Dzia\u0142 Muzyki i Ta\u0144ca - Pa\u0142ac M\u0142odzie\u017cy\",\"isPartOf\":{\"@id\":\"https:\\\/\\\/pmmns.palacmlodziezy.pl\\\/#website\"},\"primaryImageOfPage\":{\"@id\":\"https:\\\/\\\/pmmns.palacmlodziezy.pl\\\/?page_id=30#primaryimage\"},\"image\":{\"@id\":\"https:\\\/\\\/pmmns.palacmlodziezy.pl\\\/?page_id=30#primaryimage\"},\"thumbnailUrl\":\"https:\\\/\\\/palacmlodziezy.pl\\\/wp-content\\\/uploads\\\/2024\\\/09\\\/agata-rolka-muzyki-1-1024x724.jpg\",\"datePublished\":\"2025-09-06T15:45:46+00:00\",\"breadcrumb\":{\"@id\":\"https:\\\/\\\/pmmns.palacmlodziezy.pl\\\/?page_id=30#breadcrumb\"},\"inLanguage\":\"pl-PL\",\"potentialAction\":[{\"@type\":\"ReadAction\",\"target\":[\"https:\\\/\\\/pmmns.palacmlodziezy.pl\\\/?page_id=30\"]}]},{\"@type\":\"ImageObject\",\"inLanguage\":\"pl-PL\",\"@id\":\"https:\\\/\\\/pmmns.palacmlodziezy.pl\\\/?page_id=30#primaryimage\",\"url\":\"https:\\\/\\\/palacmlodziezy.pl\\\/wp-content\\\/uploads\\\/2024\\\/09\\\/agata-rolka-muzyki-1-1024x724.jpg\",\"contentUrl\":\"https:\\\/\\\/palacmlodziezy.pl\\\/wp-content\\\/uploads\\\/2024\\\/09\\\/agata-rolka-muzyki-1-1024x724.jpg\"},{\"@type\":\"BreadcrumbList\",\"@id\":\"https:\\\/\\\/pmmns.palacmlodziezy.pl\\\/?page_id=30#breadcrumb\",\"itemListElement\":[{\"@type\":\"ListItem\",\"position\":1,\"name\":\"Strona g\u0142\u00f3wna\",\"item\":\"https:\\\/\\\/pmmns.palacmlodziezy.pl\\\/\"},{\"@type\":\"ListItem\",\"position\":2,\"name\":\"Dzia\u0142 Muzyki i Ta\u0144ca\"}]},{\"@type\":\"WebSite\",\"@id\":\"https:\\\/\\\/pmmns.palacmlodziezy.pl\\\/#website\",\"url\":\"https:\\\/\\\/pmmns.palacmlodziezy.pl\\\/\",\"name\":\"Pa\u0142ac M\u0142odzie\u017cy\",\"description\":\"Bo tu warto wraca\u0107...\",\"publisher\":{\"@id\":\"https:\\\/\\\/pmmns.palacmlodziezy.pl\\\/#organization\"},\"potentialAction\":[{\"@type\":\"SearchAction\",\"target\":{\"@type\":\"EntryPoint\",\"urlTemplate\":\"https:\\\/\\\/pmmns.palacmlodziezy.pl\\\/?s={search_term_string}\"},\"query-input\":{\"@type\":\"PropertyValueSpecification\",\"valueRequired\":true,\"valueName\":\"search_term_string\"}}],\"inLanguage\":\"pl-PL\"},{\"@type\":\"Organization\",\"@id\":\"https:\\\/\\\/pmmns.palacmlodziezy.pl\\\/#organization\",\"name\":\"Pa\u0142ac M\u0142odzie\u017cy\",\"url\":\"https:\\\/\\\/pmmns.palacmlodziezy.pl\\\/\",\"logo\":{\"@type\":\"ImageObject\",\"inLanguage\":\"pl-PL\",\"@id\":\"https:\\\/\\\/pmmns.palacmlodziezy.pl\\\/#\\\/schema\\\/logo\\\/image\\\/\",\"url\":\"https:\\\/\\\/pmmns.palacmlodziezy.pl\\\/wp-content\\\/uploads\\\/2025\\\/09\\\/cropped-Tekst-akapitu.png\",\"contentUrl\":\"https:\\\/\\\/pmmns.palacmlodziezy.pl\\\/wp-content\\\/uploads\\\/2025\\\/09\\\/cropped-Tekst-akapitu.png\",\"width\":500,\"height\":500,\"caption\":\"Pa\u0142ac M\u0142odzie\u017cy\"},\"image\":{\"@id\":\"https:\\\/\\\/pmmns.palacmlodziezy.pl\\\/#\\\/schema\\\/logo\\\/image\\\/\"}}]}<\/script>\n<!-- \/ Yoast SEO plugin. -->","yoast_head_json":{"title":"Dzia\u0142 Muzyki i Ta\u0144ca - Pa\u0142ac M\u0142odzie\u017cy","robots":{"index":"index","follow":"follow","max-snippet":"max-snippet:-1","max-image-preview":"max-image-preview:large","max-video-preview":"max-video-preview:-1"},"canonical":"https:\/\/pmmns.palacmlodziezy.pl\/?page_id=30","og_locale":"pl_PL","og_type":"article","og_title":"Dzia\u0142 Muzyki i Ta\u0144ca - Pa\u0142ac M\u0142odzie\u017cy","og_url":"https:\/\/pmmns.palacmlodziezy.pl\/?page_id=30","og_site_name":"Pa\u0142ac M\u0142odzie\u017cy","og_image":[{"url":"https:\/\/palacmlodziezy.pl\/wp-content\/uploads\/2024\/09\/agata-rolka-muzyki-1-1024x724.jpg","type":"","width":"","height":""}],"twitter_card":"summary_large_image","schema":{"@context":"https:\/\/schema.org","@graph":[{"@type":"WebPage","@id":"https:\/\/pmmns.palacmlodziezy.pl\/?page_id=30","url":"https:\/\/pmmns.palacmlodziezy.pl\/?page_id=30","name":"Dzia\u0142 Muzyki i Ta\u0144ca - Pa\u0142ac M\u0142odzie\u017cy","isPartOf":{"@id":"https:\/\/pmmns.palacmlodziezy.pl\/#website"},"primaryImageOfPage":{"@id":"https:\/\/pmmns.palacmlodziezy.pl\/?page_id=30#primaryimage"},"image":{"@id":"https:\/\/pmmns.palacmlodziezy.pl\/?page_id=30#primaryimage"},"thumbnailUrl":"https:\/\/palacmlodziezy.pl\/wp-content\/uploads\/2024\/09\/agata-rolka-muzyki-1-1024x724.jpg","datePublished":"2025-09-06T15:45:46+00:00","breadcrumb":{"@id":"https:\/\/pmmns.palacmlodziezy.pl\/?page_id=30#breadcrumb"},"inLanguage":"pl-PL","potentialAction":[{"@type":"ReadAction","target":["https:\/\/pmmns.palacmlodziezy.pl\/?page_id=30"]}]},{"@type":"ImageObject","inLanguage":"pl-PL","@id":"https:\/\/pmmns.palacmlodziezy.pl\/?page_id=30#primaryimage","url":"https:\/\/palacmlodziezy.pl\/wp-content\/uploads\/2024\/09\/agata-rolka-muzyki-1-1024x724.jpg","contentUrl":"https:\/\/palacmlodziezy.pl\/wp-content\/uploads\/2024\/09\/agata-rolka-muzyki-1-1024x724.jpg"},{"@type":"BreadcrumbList","@id":"https:\/\/pmmns.palacmlodziezy.pl\/?page_id=30#breadcrumb","itemListElement":[{"@type":"ListItem","position":1,"name":"Strona g\u0142\u00f3wna","item":"https:\/\/pmmns.palacmlodziezy.pl\/"},{"@type":"ListItem","position":2,"name":"Dzia\u0142 Muzyki i Ta\u0144ca"}]},{"@type":"WebSite","@id":"https:\/\/pmmns.palacmlodziezy.pl\/#website","url":"https:\/\/pmmns.palacmlodziezy.pl\/","name":"Pa\u0142ac M\u0142odzie\u017cy","description":"Bo tu warto wraca\u0107...","publisher":{"@id":"https:\/\/pmmns.palacmlodziezy.pl\/#organization"},"potentialAction":[{"@type":"SearchAction","target":{"@type":"EntryPoint","urlTemplate":"https:\/\/pmmns.palacmlodziezy.pl\/?s={search_term_string}"},"query-input":{"@type":"PropertyValueSpecification","valueRequired":true,"valueName":"search_term_string"}}],"inLanguage":"pl-PL"},{"@type":"Organization","@id":"https:\/\/pmmns.palacmlodziezy.pl\/#organization","name":"Pa\u0142ac M\u0142odzie\u017cy","url":"https:\/\/pmmns.palacmlodziezy.pl\/","logo":{"@type":"ImageObject","inLanguage":"pl-PL","@id":"https:\/\/pmmns.palacmlodziezy.pl\/#\/schema\/logo\/image\/","url":"https:\/\/pmmns.palacmlodziezy.pl\/wp-content\/uploads\/2025\/09\/cropped-Tekst-akapitu.png","contentUrl":"https:\/\/pmmns.palacmlodziezy.pl\/wp-content\/uploads\/2025\/09\/cropped-Tekst-akapitu.png","width":500,"height":500,"caption":"Pa\u0142ac M\u0142odzie\u017cy"},"image":{"@id":"https:\/\/pmmns.palacmlodziezy.pl\/#\/schema\/logo\/image\/"}}]}},"_links":{"self":[{"href":"https:\/\/pmmns.palacmlodziezy.pl\/index.php?rest_route=\/wp\/v2\/pages\/30","targetHints":{"allow":["GET"]}}],"collection":[{"href":"https:\/\/pmmns.palacmlodziezy.pl\/index.php?rest_route=\/wp\/v2\/pages"}],"about":[{"href":"https:\/\/pmmns.palacmlodziezy.pl\/index.php?rest_route=\/wp\/v2\/types\/page"}],"author":[{"embeddable":true,"href":"https:\/\/pmmns.palacmlodziezy.pl\/index.php?rest_route=\/wp\/v2\/users\/1"}],"replies":[{"embeddable":true,"href":"https:\/\/pmmns.palacmlodziezy.pl\/index.php?rest_route=%2Fwp%2Fv2%2Fcomments&post=30"}],"version-history":[{"count":1,"href":"https:\/\/pmmns.palacmlodziezy.pl\/index.php?rest_route=\/wp\/v2\/pages\/30\/revisions"}],"predecessor-version":[{"id":31,"href":"https:\/\/pmmns.palacmlodziezy.pl\/index.php?rest_route=\/wp\/v2\/pages\/30\/revisions\/31"}],"wp:attachment":[{"href":"https:\/\/pmmns.palacmlodziezy.pl\/index.php?rest_route=%2Fwp%2Fv2%2Fmedia&parent=30"}],"curies":[{"name":"wp","href":"https:\/\/api.w.org\/{rel}","templated":true}]}}