{"id":28,"date":"2025-09-06T17:44:37","date_gmt":"2025-09-06T15:44:37","guid":{"rendered":"https:\/\/pmmns.palacmlodziezy.pl\/?page_id=28"},"modified":"2025-09-06T17:44:37","modified_gmt":"2025-09-06T15:44:37","slug":"dzial-promocji-i-kultury","status":"publish","type":"page","link":"https:\/\/pmmns.palacmlodziezy.pl\/?page_id=28","title":{"rendered":"Dzia\u0142 Promocji i Kultury"},"content":{"rendered":"\n<figure class=\"wp-block-image\"><a href=\"https:\/\/palacmlodziezy.pl\/dzial-promocji-i-kultury\/lucyna-urbanska-promocji\/\"><img  title=\"\" decoding=\"async\" src=\"https:\/\/palacmlodziezy.pl\/wp-content\/uploads\/2024\/09\/lucyna-urbanska-promocji-1024x724.jpg\"  alt=\"lucyna-urbanska-promocji-1024x724 Dzia\u0142 Promocji i Kultury\" \/><\/a><figcaption class=\"wp-element-caption\"><a href=\"http:\/\/palacmlodziezy.pl\/lucyna-urbanska\/\">Lucyna Urba\u0144ska<\/a><\/figcaption><\/figure>\n\n\n\n<p class=\"wp-block-paragraph\"><\/p>\n\n\n\n<figure class=\"wp-block-image\"><a href=\"https:\/\/palacmlodziezy.pl\/dzial-promocji-i-kultury\/pawel-gutowski-promocji\/\"><img  title=\"\" decoding=\"async\" src=\"https:\/\/palacmlodziezy.pl\/wp-content\/uploads\/2024\/09\/pawel-gutowski-promocji-1024x724.jpg\"  alt=\"pawel-gutowski-promocji-1024x724 Dzia\u0142 Promocji i Kultury\" \/><\/a><figcaption class=\"wp-element-caption\"><a href=\"http:\/\/palacmlodziezy.pl\/pawel-gutowski\/\">Pawe\u0142 Gutowski<\/a><\/figcaption><\/figure>\n\n\n\n<p class=\"wp-block-paragraph\"><\/p>\n\n\n\n<figure class=\"wp-block-image\"><a href=\"https:\/\/palacmlodziezy.pl\/dzial-promocji-i-kultury\/michal-rejduch-promocji\/\"><img  title=\"\" decoding=\"async\" src=\"https:\/\/palacmlodziezy.pl\/wp-content\/uploads\/2024\/09\/michal-rejduch-promocji-1024x724.jpg\"  alt=\"michal-rejduch-promocji-1024x724 Dzia\u0142 Promocji i Kultury\" \/><\/a><figcaption class=\"wp-element-caption\"><a href=\"http:\/\/palacmlodziezy.pl\/michal-rejduch\/\">Micha\u0142 Rejduch<\/a><\/figcaption><\/figure>\n\n\n\n<p class=\"wp-block-paragraph\"><\/p>\n\n\n\n<figure class=\"wp-block-image\"><a href=\"https:\/\/palacmlodziezy.pl\/dzial-promocji-i-kultury\/agnieszka-basiaga-promocji\/\"><img  title=\"\" decoding=\"async\" src=\"https:\/\/palacmlodziezy.pl\/wp-content\/uploads\/2024\/09\/agnieszka-basiaga-promocji-1024x724.jpg\"  alt=\"agnieszka-basiaga-promocji-1024x724 Dzia\u0142 Promocji i Kultury\" \/><\/a><figcaption class=\"wp-element-caption\"><a href=\"http:\/\/palacmlodziezy.pl\/agnieszka-basiaga-2\/\">Agnieszka Basiaga<\/a><\/figcaption><\/figure>\n\n\n\n<p class=\"wp-block-paragraph\"><\/p>\n\n\n\n<figure class=\"wp-block-image\"><a href=\"https:\/\/palacmlodziezy.pl\/dzial-promocji-i-kultury\/anna-lukasik-promocji\/\"><img  title=\"\" decoding=\"async\" src=\"https:\/\/palacmlodziezy.pl\/wp-content\/uploads\/2024\/09\/anna-lukasik-promocji-1024x724.jpg\"  alt=\"anna-lukasik-promocji-1024x724 Dzia\u0142 Promocji i Kultury\" \/><\/a><figcaption class=\"wp-element-caption\"><a href=\"http:\/\/palacmlodziezy.pl\/anna-lukasik\/\">Anna \u0141ukasik<\/a><\/figcaption><\/figure>\n\n\n\n<p class=\"wp-block-paragraph\"><\/p>\n\n\n\n<p class=\"wp-block-paragraph\"><\/p>\n\n\n\n<figure class=\"wp-block-image\"><a href=\"https:\/\/palacmlodziezy.pl\/dzial-promocji-i-kultury\/piotr-widla-promocji\/\"><img  title=\"\" decoding=\"async\" src=\"https:\/\/palacmlodziezy.pl\/wp-content\/uploads\/2024\/09\/piotr-widla-promocji-1024x724.jpg\"  alt=\"piotr-widla-promocji-1024x724 Dzia\u0142 Promocji i Kultury\" \/><\/a><figcaption class=\"wp-element-caption\"><a href=\"http:\/\/palacmlodziezy.pl\/piotr-widla\/\">Piotr Wid\u0142a<\/a><\/figcaption><\/figure>\n\n\n\n<p class=\"wp-block-paragraph\"><\/p>\n\n\n\n<figure class=\"wp-block-image\"><a href=\"https:\/\/palacmlodziezy.pl\/dzial-promocji-i-kultury\/pawel-spicha-promocji\/\"><img  title=\"\" decoding=\"async\" src=\"https:\/\/palacmlodziezy.pl\/wp-content\/uploads\/2024\/09\/pawel-spicha-promocji-1024x724.jpg\"  alt=\"pawel-spicha-promocji-1024x724 Dzia\u0142 Promocji i Kultury\" \/><\/a><figcaption class=\"wp-element-caption\"><a href=\"https:\/\/palacmlodziezy.pl\/pawel-spicha\/\">Pawe\u0142 Spicha<\/a><\/figcaption><\/figure>\n\n\n\n<p class=\"wp-block-paragraph\"><\/p>\n","protected":false},"excerpt":{"rendered":"","protected":false},"author":1,"featured_media":0,"parent":0,"menu_order":0,"comment_status":"closed","ping_status":"closed","template":"","meta":{"footnotes":""},"class_list":["post-28","page","type-page","status-publish","hentry"],"yoast_head":"<!-- This site is optimized with the Yoast SEO plugin v28.0 - https:\/\/yoast.com\/product\/yoast-seo-wordpress\/ -->\n<title>Dzia\u0142 Promocji i Kultury - Pa\u0142ac M\u0142odzie\u017cy<\/title>\n<meta name=\"robots\" content=\"index, follow, max-snippet:-1, max-image-preview:large, max-video-preview:-1\" \/>\n<link rel=\"canonical\" href=\"https:\/\/pmmns.palacmlodziezy.pl\/?page_id=28\" \/>\n<meta property=\"og:locale\" content=\"pl_PL\" \/>\n<meta property=\"og:type\" content=\"article\" \/>\n<meta property=\"og:title\" content=\"Dzia\u0142 Promocji i Kultury - Pa\u0142ac M\u0142odzie\u017cy\" \/>\n<meta property=\"og:url\" content=\"https:\/\/pmmns.palacmlodziezy.pl\/?page_id=28\" \/>\n<meta property=\"og:site_name\" content=\"Pa\u0142ac M\u0142odzie\u017cy\" \/>\n<meta property=\"og:image\" content=\"https:\/\/palacmlodziezy.pl\/wp-content\/uploads\/2024\/09\/lucyna-urbanska-promocji-1024x724.jpg\" \/>\n<meta name=\"twitter:card\" content=\"summary_large_image\" \/>\n<script type=\"application\/ld+json\" class=\"yoast-schema-graph\">{\"@context\":\"https:\\\/\\\/schema.org\",\"@graph\":[{\"@type\":\"WebPage\",\"@id\":\"https:\\\/\\\/pmmns.palacmlodziezy.pl\\\/?page_id=28\",\"url\":\"https:\\\/\\\/pmmns.palacmlodziezy.pl\\\/?page_id=28\",\"name\":\"Dzia\u0142 Promocji i Kultury - Pa\u0142ac M\u0142odzie\u017cy\",\"isPartOf\":{\"@id\":\"https:\\\/\\\/pmmns.palacmlodziezy.pl\\\/#website\"},\"primaryImageOfPage\":{\"@id\":\"https:\\\/\\\/pmmns.palacmlodziezy.pl\\\/?page_id=28#primaryimage\"},\"image\":{\"@id\":\"https:\\\/\\\/pmmns.palacmlodziezy.pl\\\/?page_id=28#primaryimage\"},\"thumbnailUrl\":\"https:\\\/\\\/palacmlodziezy.pl\\\/wp-content\\\/uploads\\\/2024\\\/09\\\/lucyna-urbanska-promocji-1024x724.jpg\",\"datePublished\":\"2025-09-06T15:44:37+00:00\",\"breadcrumb\":{\"@id\":\"https:\\\/\\\/pmmns.palacmlodziezy.pl\\\/?page_id=28#breadcrumb\"},\"inLanguage\":\"pl-PL\",\"potentialAction\":[{\"@type\":\"ReadAction\",\"target\":[\"https:\\\/\\\/pmmns.palacmlodziezy.pl\\\/?page_id=28\"]}]},{\"@type\":\"ImageObject\",\"inLanguage\":\"pl-PL\",\"@id\":\"https:\\\/\\\/pmmns.palacmlodziezy.pl\\\/?page_id=28#primaryimage\",\"url\":\"https:\\\/\\\/palacmlodziezy.pl\\\/wp-content\\\/uploads\\\/2024\\\/09\\\/lucyna-urbanska-promocji-1024x724.jpg\",\"contentUrl\":\"https:\\\/\\\/palacmlodziezy.pl\\\/wp-content\\\/uploads\\\/2024\\\/09\\\/lucyna-urbanska-promocji-1024x724.jpg\"},{\"@type\":\"BreadcrumbList\",\"@id\":\"https:\\\/\\\/pmmns.palacmlodziezy.pl\\\/?page_id=28#breadcrumb\",\"itemListElement\":[{\"@type\":\"ListItem\",\"position\":1,\"name\":\"Strona g\u0142\u00f3wna\",\"item\":\"https:\\\/\\\/pmmns.palacmlodziezy.pl\\\/\"},{\"@type\":\"ListItem\",\"position\":2,\"name\":\"Dzia\u0142 Promocji i Kultury\"}]},{\"@type\":\"WebSite\",\"@id\":\"https:\\\/\\\/pmmns.palacmlodziezy.pl\\\/#website\",\"url\":\"https:\\\/\\\/pmmns.palacmlodziezy.pl\\\/\",\"name\":\"Pa\u0142ac M\u0142odzie\u017cy\",\"description\":\"Bo tu warto wraca\u0107...\",\"publisher\":{\"@id\":\"https:\\\/\\\/pmmns.palacmlodziezy.pl\\\/#organization\"},\"potentialAction\":[{\"@type\":\"SearchAction\",\"target\":{\"@type\":\"EntryPoint\",\"urlTemplate\":\"https:\\\/\\\/pmmns.palacmlodziezy.pl\\\/?s={search_term_string}\"},\"query-input\":{\"@type\":\"PropertyValueSpecification\",\"valueRequired\":true,\"valueName\":\"search_term_string\"}}],\"inLanguage\":\"pl-PL\"},{\"@type\":\"Organization\",\"@id\":\"https:\\\/\\\/pmmns.palacmlodziezy.pl\\\/#organization\",\"name\":\"Pa\u0142ac M\u0142odzie\u017cy\",\"url\":\"https:\\\/\\\/pmmns.palacmlodziezy.pl\\\/\",\"logo\":{\"@type\":\"ImageObject\",\"inLanguage\":\"pl-PL\",\"@id\":\"https:\\\/\\\/pmmns.palacmlodziezy.pl\\\/#\\\/schema\\\/logo\\\/image\\\/\",\"url\":\"https:\\\/\\\/pmmns.palacmlodziezy.pl\\\/wp-content\\\/uploads\\\/2025\\\/09\\\/cropped-Tekst-akapitu.png\",\"contentUrl\":\"https:\\\/\\\/pmmns.palacmlodziezy.pl\\\/wp-content\\\/uploads\\\/2025\\\/09\\\/cropped-Tekst-akapitu.png\",\"width\":500,\"height\":500,\"caption\":\"Pa\u0142ac M\u0142odzie\u017cy\"},\"image\":{\"@id\":\"https:\\\/\\\/pmmns.palacmlodziezy.pl\\\/#\\\/schema\\\/logo\\\/image\\\/\"}}]}<\/script>\n<!-- \/ Yoast SEO plugin. -->","yoast_head_json":{"title":"Dzia\u0142 Promocji i Kultury - Pa\u0142ac M\u0142odzie\u017cy","robots":{"index":"index","follow":"follow","max-snippet":"max-snippet:-1","max-image-preview":"max-image-preview:large","max-video-preview":"max-video-preview:-1"},"canonical":"https:\/\/pmmns.palacmlodziezy.pl\/?page_id=28","og_locale":"pl_PL","og_type":"article","og_title":"Dzia\u0142 Promocji i Kultury - Pa\u0142ac M\u0142odzie\u017cy","og_url":"https:\/\/pmmns.palacmlodziezy.pl\/?page_id=28","og_site_name":"Pa\u0142ac M\u0142odzie\u017cy","og_image":[{"url":"https:\/\/palacmlodziezy.pl\/wp-content\/uploads\/2024\/09\/lucyna-urbanska-promocji-1024x724.jpg","type":"","width":"","height":""}],"twitter_card":"summary_large_image","schema":{"@context":"https:\/\/schema.org","@graph":[{"@type":"WebPage","@id":"https:\/\/pmmns.palacmlodziezy.pl\/?page_id=28","url":"https:\/\/pmmns.palacmlodziezy.pl\/?page_id=28","name":"Dzia\u0142 Promocji i Kultury - Pa\u0142ac M\u0142odzie\u017cy","isPartOf":{"@id":"https:\/\/pmmns.palacmlodziezy.pl\/#website"},"primaryImageOfPage":{"@id":"https:\/\/pmmns.palacmlodziezy.pl\/?page_id=28#primaryimage"},"image":{"@id":"https:\/\/pmmns.palacmlodziezy.pl\/?page_id=28#primaryimage"},"thumbnailUrl":"https:\/\/palacmlodziezy.pl\/wp-content\/uploads\/2024\/09\/lucyna-urbanska-promocji-1024x724.jpg","datePublished":"2025-09-06T15:44:37+00:00","breadcrumb":{"@id":"https:\/\/pmmns.palacmlodziezy.pl\/?page_id=28#breadcrumb"},"inLanguage":"pl-PL","potentialAction":[{"@type":"ReadAction","target":["https:\/\/pmmns.palacmlodziezy.pl\/?page_id=28"]}]},{"@type":"ImageObject","inLanguage":"pl-PL","@id":"https:\/\/pmmns.palacmlodziezy.pl\/?page_id=28#primaryimage","url":"https:\/\/palacmlodziezy.pl\/wp-content\/uploads\/2024\/09\/lucyna-urbanska-promocji-1024x724.jpg","contentUrl":"https:\/\/palacmlodziezy.pl\/wp-content\/uploads\/2024\/09\/lucyna-urbanska-promocji-1024x724.jpg"},{"@type":"BreadcrumbList","@id":"https:\/\/pmmns.palacmlodziezy.pl\/?page_id=28#breadcrumb","itemListElement":[{"@type":"ListItem","position":1,"name":"Strona g\u0142\u00f3wna","item":"https:\/\/pmmns.palacmlodziezy.pl\/"},{"@type":"ListItem","position":2,"name":"Dzia\u0142 Promocji i Kultury"}]},{"@type":"WebSite","@id":"https:\/\/pmmns.palacmlodziezy.pl\/#website","url":"https:\/\/pmmns.palacmlodziezy.pl\/","name":"Pa\u0142ac M\u0142odzie\u017cy","description":"Bo tu warto wraca\u0107...","publisher":{"@id":"https:\/\/pmmns.palacmlodziezy.pl\/#organization"},"potentialAction":[{"@type":"SearchAction","target":{"@type":"EntryPoint","urlTemplate":"https:\/\/pmmns.palacmlodziezy.pl\/?s={search_term_string}"},"query-input":{"@type":"PropertyValueSpecification","valueRequired":true,"valueName":"search_term_string"}}],"inLanguage":"pl-PL"},{"@type":"Organization","@id":"https:\/\/pmmns.palacmlodziezy.pl\/#organization","name":"Pa\u0142ac M\u0142odzie\u017cy","url":"https:\/\/pmmns.palacmlodziezy.pl\/","logo":{"@type":"ImageObject","inLanguage":"pl-PL","@id":"https:\/\/pmmns.palacmlodziezy.pl\/#\/schema\/logo\/image\/","url":"https:\/\/pmmns.palacmlodziezy.pl\/wp-content\/uploads\/2025\/09\/cropped-Tekst-akapitu.png","contentUrl":"https:\/\/pmmns.palacmlodziezy.pl\/wp-content\/uploads\/2025\/09\/cropped-Tekst-akapitu.png","width":500,"height":500,"caption":"Pa\u0142ac M\u0142odzie\u017cy"},"image":{"@id":"https:\/\/pmmns.palacmlodziezy.pl\/#\/schema\/logo\/image\/"}}]}},"_links":{"self":[{"href":"https:\/\/pmmns.palacmlodziezy.pl\/index.php?rest_route=\/wp\/v2\/pages\/28","targetHints":{"allow":["GET"]}}],"collection":[{"href":"https:\/\/pmmns.palacmlodziezy.pl\/index.php?rest_route=\/wp\/v2\/pages"}],"about":[{"href":"https:\/\/pmmns.palacmlodziezy.pl\/index.php?rest_route=\/wp\/v2\/types\/page"}],"author":[{"embeddable":true,"href":"https:\/\/pmmns.palacmlodziezy.pl\/index.php?rest_route=\/wp\/v2\/users\/1"}],"replies":[{"embeddable":true,"href":"https:\/\/pmmns.palacmlodziezy.pl\/index.php?rest_route=%2Fwp%2Fv2%2Fcomments&post=28"}],"version-history":[{"count":1,"href":"https:\/\/pmmns.palacmlodziezy.pl\/index.php?rest_route=\/wp\/v2\/pages\/28\/revisions"}],"predecessor-version":[{"id":29,"href":"https:\/\/pmmns.palacmlodziezy.pl\/index.php?rest_route=\/wp\/v2\/pages\/28\/revisions\/29"}],"wp:attachment":[{"href":"https:\/\/pmmns.palacmlodziezy.pl\/index.php?rest_route=%2Fwp%2Fv2%2Fmedia&parent=28"}],"curies":[{"name":"wp","href":"https:\/\/api.w.org\/{rel}","templated":true}]}}