{"id":22,"date":"2025-09-06T17:41:07","date_gmt":"2025-09-06T15:41:07","guid":{"rendered":"https:\/\/pmmns.palacmlodziezy.pl\/?page_id=22"},"modified":"2025-09-06T17:41:07","modified_gmt":"2025-09-06T15:41:07","slug":"o-nas","status":"publish","type":"page","link":"https:\/\/pmmns.palacmlodziezy.pl\/?page_id=22","title":{"rendered":"O nas"},"content":{"rendered":"\n<figure class=\"wp-block-image\"><img  title=\"\" decoding=\"async\" src=\"https:\/\/palacmlodziezy.pl\/wp-content\/uploads\/2022\/11\/tn_PM_2022.jpg\"  alt=\"tn_PM_2022 O nas\"  class=\"wp-image-30683\"\/><\/figure>\n\n\n\n<p class=\"wp-block-paragraph\"><strong>STATUS ORGANIZACYJNY<\/strong><\/p>\n\n\n\n<p class=\"has-medium-font-size wp-block-paragraph\">Pa\u0142ac M\u0142odzie\u017cy w&nbsp;Nowym S\u0105czu jest publiczn\u0105 plac\u00f3wk\u0105 o\u015bwiatowo-wychowawcz\u0105 dzia\u0142aj\u0105c\u0105 w&nbsp;strukturach organizacyjnych Urz\u0119du Miasta Nowego S\u0105cza. Zadania i&nbsp;cele dzia\u0142alno\u015bci s\u0105&nbsp;okre\u015blone w&nbsp;Statucie Pa\u0142acu M\u0142odzie\u017cy w&nbsp;Nowym S\u0105czu, sporz\u0105dzonym w&nbsp;oparciu o&nbsp;ustaw\u0119 z&nbsp;dnia 7 marca 2005 roku w&nbsp;sprawie \u201eRamowych statut\u00f3w plac\u00f3wek publicznych\u201d i&nbsp;rozporz\u0105dzenie Ministra Edukacji Narodowej i&nbsp;Sportu z&nbsp;dnia 7 marca 2005&nbsp;r. w&nbsp;sprawie ramowych statut\u00f3w plac\u00f3wek publicznych (Dz.&nbsp;U. nr&nbsp;52 poz. 466 z&nbsp;2005&nbsp;r.). Organem nadzoruj\u0105cym jest Ma\u0142opolskie Kuratorium O\u015bwiaty w&nbsp;Krakowie, delegatura w&nbsp;Nowym S\u0105czu.<\/p>\n\n\n\n<p class=\"wp-block-paragraph\"><strong>HISTORIA PA\u0141ACU M\u0141ODZIE\u017bY, CZYLI 70 LAT MIN\u0118\u0141O<\/strong><\/p>\n\n\n\n<p class=\"has-medium-font-size wp-block-paragraph\">Pa\u0142ac M\u0142odzie\u017cy w&nbsp;Nowym S\u0105czu to&nbsp;instytucja z&nbsp;d\u0142ug\u0105 histori\u0105 i&nbsp;ogromnym baga\u017cem do\u015bwiadcze\u0144 kulturalno-pedagogicznych. Plac\u00f3wka rozpocz\u0119\u0142a swoj\u0105 dzia\u0142alno\u015b\u0107 w&nbsp;1951 roku przy ul.&nbsp;D\u0142ugosza 11 jako Dom Kultury Dzieci i&nbsp;M\u0142odzie\u017cy. Plac\u00f3wka prowadzi\u0142a wtedy dzia\u0142alno\u015b\u0107 w&nbsp;zaledwie kilku pomieszczeniach. Jednak od&nbsp;samego pocz\u0105tku by\u0142a miejscem rozwijania talent\u00f3w artystycznych m\u0142odych s\u0105deczan. To&nbsp;zamierzenie z&nbsp;wieloma sukcesami jest realizowane a\u017c&nbsp;do&nbsp;dnia dzisiejszego.<\/p>\n\n\n\n<p class=\"has-medium-font-size wp-block-paragraph\">Od&nbsp;1956 roku Dom Kultury Dzieci i&nbsp;M\u0142odzie\u017cy dzia\u0142a\u0142 w&nbsp;siedzibie na&nbsp;drugim pi\u0119trze kamienicy przy ul.&nbsp;Jagiello\u0144skiej 14, nad&nbsp;popularn\u0105 restauracj\u0105 Imperial. By\u0142o to&nbsp;miejsce, kt\u00f3re z&nbsp;wielu wzgl\u0119d\u00f3w nie&nbsp;odpowiada\u0142o ani podopiecznym ani ich rodzicom. Dzia\u0142a\u0142y wtedy pracownie: plastyczna, fotograficzna i&nbsp;muzyczna oraz&nbsp;sala, kt\u00f3ra&nbsp;pe\u0142ni\u0142a rol\u0119 \u015bwietlicy i&nbsp;sali widowiskowej.<\/p>\n\n\n\n<p class=\"has-medium-font-size wp-block-paragraph\">Do&nbsp;1963 roku kierownikiem Domu Kultury Dzieci i&nbsp;M\u0142odzie\u017cy by\u0142a Irena Olesiakowa. Po&nbsp;jej wyje\u017adzie z&nbsp;Nowego S\u0105cza, 1 wrze\u015bnia 1963 roku kierownictwo plac\u00f3wki przej\u0119\u0142a Maria Pacholarz, kt\u00f3ra&nbsp;pe\u0142ni\u0142a swoje obowi\u0105zki do&nbsp;roku 1990.<\/p>\n\n\n\n<p class=\"has-medium-font-size wp-block-paragraph\">Przez&nbsp;lata, mimo niekorzystnych warunk\u00f3w lokalowych, plac\u00f3wka cieszy\u0142a si\u0119 ogromn\u0105 popularno\u015bci\u0105 i&nbsp;osi\u0105ga\u0142a wybitne efekty w&nbsp;pracowniach plastycznej, fotograficznej i&nbsp;teatrze poezji. Jednocze\u015bnie rozwijano nowe formy nauczania. Przybywa\u0142o podopiecznych i&nbsp;zmienia\u0142y si\u0119 ich potrzeby. Wyj\u015bciem naprzeciw nowych czas\u00f3w i&nbsp;nowych oczekiwa\u0144 by\u0142o przekszta\u0142cenie plac\u00f3wki w&nbsp;1970 roku&nbsp; w&nbsp;M\u0142odzie\u017cowy Dom Kultury.<\/p>\n\n\n\n<p class=\"has-medium-font-size wp-block-paragraph\">Okres mi\u0119dzy 1980 a&nbsp;2007 rokiem to&nbsp;czas bardzo wa\u017cny dla M\u0142odzie\u017cowego Domu Kultury. To&nbsp;w&nbsp;tym czasie dokona\u0142y si\u0119 zmiany, kt\u00f3re mia\u0142y du\u017cy wp\u0142yw na&nbsp;rozw\u00f3j plac\u00f3wki w&nbsp;XXI wieku. Powsta\u0142y nowe formy nauczania i&nbsp;nowe grupy zainteresowa\u0144 oraz&nbsp;zespo\u0142y b\u0119d\u0105ce do&nbsp;dzisiaj wizyt\u00f3wk\u0105 plac\u00f3wki.<\/p>\n\n\n\n<p class=\"has-medium-font-size wp-block-paragraph\">W&nbsp;1990 roku kierownictwo plac\u00f3wki przej\u0119\u0142a Stanis\u0142awa Matusik. To&nbsp;pocz\u0105tek wielu zmian na&nbsp;tym stanowisku. W&nbsp;latach 1992-1995 funkcj\u0119 dyrektora M\u0142odzie\u017cowego Domu Kultury sprawowa\u0142a Wies\u0142awa Mazur. W&nbsp;1995 roku pe\u0142ni\u0105cym obowi\u0105zki dyrektora by\u0142 Jerzy Gutowski, kt\u00f3ry&nbsp;w&nbsp;latach 1997-1998 by\u0142 tak\u017ce dyrektorem plac\u00f3wki. W&nbsp;1998 roku konkurs na&nbsp;nowego dyrektora M\u0142odzie\u017cowego Domu Kultury wygra\u0142a Milenia Ma\u0142ecka-Rogal, kt\u00f3ra&nbsp;do&nbsp;dzisiaj z&nbsp;wieloma sukcesami i&nbsp;osi\u0105gni\u0119ciami piastuje to&nbsp;stanowisko. Wprowadzi\u0142a M\u0142odzie\u017cowy Dom Kultury w&nbsp;nowy wiek stawiaj\u0105c nowe cele przed&nbsp;kadr\u0105 pedagogiczn\u0105 i&nbsp;wyznaczaj\u0105c nowe standardy w&nbsp;kszta\u0142ceniu m\u0142odego pokolenia.<\/p>\n\n\n\n<p class=\"has-medium-font-size wp-block-paragraph\">Milenia Ma\u0142ecka-Rogal uko\u0144czy\u0142a wydzia\u0142 choreografii Uniwersytetu Jagiello\u0144skiego. To&nbsp;w\u0142a\u015bnie taniec i&nbsp;choreografia s\u0105&nbsp;jej pasj\u0105, kt\u00f3r\u0105 realizuje od&nbsp;wielu lat, najpierw z&nbsp;zespo\u0142em regionalnym \u201eS\u0105deczoki\u201d,&nbsp; a&nbsp;obecnie z&nbsp;zespo\u0142em \u201ePromyczki Dobra\u201d. Jej zaanga\u017cowanie w&nbsp;realizacj\u0119 ma\u0142ych i&nbsp;du\u017cych form artystycznych spowodowa\u0142o, \u017ce&nbsp;plac\u00f3wka jest kojarzona w&nbsp;Nowym S\u0105czu z&nbsp;wszelkimi przejawami aktywno\u015bci kulturalnej z&nbsp;korzy\u015bci\u0105 dla dzieci i&nbsp;m\u0142odzie\u017cy. Dzi\u0119ki staraniom dyrekcji uda\u0142o si\u0119 osi\u0105gn\u0105\u0107 wiele istotnych cel\u00f3w dla dalszej dzia\u0142alno\u015bci. Do&nbsp;najwa\u017cniejszych z&nbsp;nich nale\u017c\u0105: powstanie Dzieci\u0119cej Galerii im.&nbsp;Stanis\u0142awa Szafrana w&nbsp;2002 roku,&nbsp; przekszta\u0142cenie M\u0142odzie\u017cowego Domu Kultury w&nbsp;Pa\u0142ac M\u0142odzie\u017cy w&nbsp;2007 roku, nadanie przez&nbsp;Ministra Edukacji Narodowej Katarzyn\u0119 Hall tytu\u0142u \u201eMiejsca odkrywania talent\u00f3w\u201d oraz&nbsp;kompleksowy remont siedziby plac\u00f3wki przy ul.&nbsp;Rynek 14. W&nbsp;tych staraniach od&nbsp;pocz\u0105tku wspierali j\u0105&nbsp;wicedyrektorzy \u2013 najpierw Jerzy Gutowski do&nbsp;2006 roku, a&nbsp;po&nbsp;nim a\u017c&nbsp;do&nbsp;dzisiaj \u2013 Antoni Reszkiewicz. Ich dzia\u0142ania ukierunkowane s\u0105&nbsp;na&nbsp;dynamiczny rozw\u00f3j, kt\u00f3rego&nbsp;g\u0142\u00f3wnym celem jest osi\u0105ganie jeszcze wy\u017cszego poziomu nauczania przy jednoczesnym stworzeniu przyjaznej atmosfery dla uczestnik\u00f3w zaj\u0119\u0107.<\/p>\n\n\n\n<p class=\"wp-block-paragraph\"><strong>DOROBEK PLAC\u00d3WKI<\/strong><\/p>\n\n\n\n<p class=\"has-medium-font-size wp-block-paragraph\">Wielk\u0105 dum\u0105 Pa\u0142acu M\u0142odzie\u017cy s\u0105&nbsp;zespo\u0142y artystyczne dzia\u0142aj\u0105ce ju\u017c od&nbsp;wielu lat. Do&nbsp;najbardziej zas\u0142u\u017conych nale\u017cy za\u0142o\u017cony przez&nbsp;Jerzego \u017byczy\u0144skiego i&nbsp;Jerzego Gutowskiego w&nbsp;1980 roku Zesp\u00f3\u0142 Regionalny \u201eS\u0105deczoki\u201d. Jego ponad 40 -letnia historia i&nbsp;liczne sukcesy osi\u0105gane w&nbsp;kraju i&nbsp;zagranic\u0105 pokazuj\u0105 jak bardzo folklor i&nbsp;kultura naszego regionu s\u0105&nbsp;wa\u017cne i&nbsp;potrzebne. Zesp\u00f3\u0142 jest niekwestionowanym ambasadorem s\u0105deckiego folkloru znanym w&nbsp;wielu zak\u0105tkach kraju oraz&nbsp;zagranic\u0105. Od&nbsp;wielu lat kierownikiem Zespo\u0142u i&nbsp;choreografem jest Barbara S\u0142awecka. Obecne sukcesy zespo\u0142u tworz\u0105: Marlena Bulanda, Ma\u0142gorzata Grodzka-K\u0105dzio\u0142ka \u2013 nauczyciele choreografowie, Krzysztof Repetowski \u2013 kierownik muzyczny kapel, Agnieszka Gawlik, Gabriela Stanny, Arkadiusz Lipie\u0144 \u2013 nauczyciele gry na&nbsp;instrumentach, Joanna Chowaniec, Joanna Albrzykowska Clifford \u2013 akompaniament, Halina Olesiak, Ewa Pasiut \u2013 kostiumy.<\/p>\n\n\n\n<p class=\"has-medium-font-size wp-block-paragraph\">Drugim zespo\u0142em, kt\u00f3ry&nbsp;sta\u0142 si\u0119 niejako ambasadorem S\u0105decczyzny w&nbsp;\u015bwiecie jest zesp\u00f3\u0142 wokalno-taneczny \u201ePromyczki Dobra\u201d. Jego kierownikiem i&nbsp;za\u0142o\u017cycielem jest ks.&nbsp;Andrzej Mulka, a&nbsp;dyrektorem artystycznym Milenia Ma\u0142ecka-Rogal. Zesp\u00f3\u0142 ma&nbsp;na&nbsp;koncie 30-letnie do\u015bwiadczenie pracy artystycznej, a&nbsp;co&nbsp;za&nbsp;tym idzie \u2013 setki wyst\u0119p\u00f3w na&nbsp;scenach krajowych i&nbsp;zagranicznych.<\/p>\n\n\n\n<p class=\"has-medium-font-size wp-block-paragraph\">Nale\u017cy pami\u0119ta\u0107, \u017ce&nbsp;liczne sukcesy osi\u0105gaj\u0105 tak\u017ce inne grupy i&nbsp;zespo\u0142y dzia\u0142aj\u0105ce w&nbsp;Pa\u0142acu M\u0142odzie\u017cy. Nale\u017c\u0105 do&nbsp;nich:<\/p>\n\n\n\n<ul class=\"wp-block-list\">\n<li class=\"has-medium-font-size\">zesp\u00f3\u0142 baletowy \u201eAdagio\u201d za\u0142o\u017cony i\u00a0prowadzony przez\u00a0mgr\u00a0Urszul\u0119 Baziak<\/li>\n\n\n\n<li class=\"has-medium-font-size\">Studio Piosenki pod\u00a0kierunkiem mgr\u00a0Doroty Szymbary<\/li>\n\n\n\n<li class=\"has-medium-font-size\">grupa akrobatyczna z\u00a0elementami sztuk walk \u201eAstral Team\u201d- mgr\u00a0Piotra Dobosza<\/li>\n\n\n\n<li class=\"has-medium-font-size\">zespo\u0142y taneczne cheerleaderki i\u00a0ta\u0144ce r\u00f3\u017cnych narod\u00f3w prowadzone przez\u00a0Dorot\u0119 Gwi\u017cd\u017c<\/li>\n\n\n\n<li class=\"has-medium-font-size\">grupy breakdance \u2013 mgr\u00a0S\u0142awomir Dobosz<\/li>\n\n\n\n<li class=\"has-medium-font-size\">zesp\u00f3\u0142 \u201eGospel Voice\u201d \u2013 mgr\u00a0Sylwia Tomaszewska \u2013 Siedlarz<\/li>\n\n\n\n<li class=\"has-medium-font-size\">zaj\u0119cia wokalne \u2013 mgr\u00a0Joanna Albrzykowska-Clifford<\/li>\n\n\n\n<li class=\"has-medium-font-size\">zespo\u0142y gitarowe \u2013 mgr\u00a0Pawe\u0142 Nie\u0107<\/li>\n\n\n\n<li class=\"has-medium-font-size\">teatr taneczny \u201eLeggaro\u201d i\u00a0\u201eColorato\u201d, grupa taneczna \u201eBallo\u201d \u2013 mgr\u00a0Justyna Dobosz.<\/li>\n\n\n\n<li class=\"has-medium-font-size\">grupy teatralne:\u00a0 dzieci\u0119ca \u201eBajkowe skrzaty\u201d i\u00a0m\u0142odzie\u017cowa \u201eTo co\u00a0w\u00a0nas\u201d prowadzone przez\u00a0mgr\u00a0Agnieszk\u0119 Basiag\u0119.<\/li>\n<\/ul>\n\n\n\n<p class=\"has-medium-font-size wp-block-paragraph\">Dzia\u0142 Plastyczny pe\u0142en jest r\u00f3\u017cnorodnych form, a&nbsp;jego dorobek jest imponuj\u0105cy. Praca z&nbsp;dzie\u0107mi i&nbsp;m\u0142odzie\u017c\u0105 utalentowan\u0105 plastycznie odbywa si\u0119 w&nbsp;specjalistycznych pracowniach rysunku sztalugowego, ceramiki, malarstwa olejnego, malarstwa na&nbsp;szkle, grafiki warsztatowej i&nbsp;kaligrafii, sztuki u\u017cytkowej, r\u0119kodzie\u0142a artystycznego, witra\u017cu, pracowni form przestrzennych i&nbsp;scenografii oraz&nbsp;pracowni tkaniny unikatowej i&nbsp;ubioru scenicznego.<\/p>\n\n\n\n<p class=\"has-medium-font-size wp-block-paragraph\">Zaj\u0119cia plastyczne prowadzone s\u0105&nbsp;przez:<\/p>\n\n\n\n<ul class=\"wp-block-list\">\n<li class=\"has-medium-font-size\">wicedyrektora Antoniego Reszkiewicza \u2013 malarstwo, akwarele<\/li>\n\n\n\n<li class=\"has-medium-font-size\">mgr\u00a0sztuki Renat\u0119 Kubiesz\u0119 (kierownik dzia\u0142u) \u2013 malarstwo historyczne, rysunek<\/li>\n\n\n\n<li class=\"has-medium-font-size\">mgr\u00a0El\u017cbiet\u0119 Barciszewsk\u0105-Kozio\u0142 \u2013 ceramika, malarstwo na\u00a0szkle<\/li>\n\n\n\n<li class=\"has-medium-font-size\">mgr\u00a0Olg\u0119 G\u0142uc \u2013 ceramika<\/li>\n\n\n\n<li class=\"has-medium-font-size\">mgr\u00a0Ma\u0142gorzat\u0119 Gromal\u0119 \u2013 malarstwo, rysunek z\u00a0elementami ikonomalarstwa<\/li>\n\n\n\n<li class=\"has-medium-font-size\">mgr\u00a0Wiolet\u0119 Micha\u0142owsk\u0105 \u2013 sztuka u\u017cytkowa (decoupage, batik)<\/li>\n\n\n\n<li class=\"has-medium-font-size\">mgr\u00a0Ann\u0119 Rejowsk\u0105-Gumulak \u2013 rysunek sztalugowy, sztuka u\u017cytkowa<\/li>\n\n\n\n<li class=\"has-medium-font-size\">mgr\u00a0Violett\u0119 Rol\u0119 \u2013 ceramika<\/li>\n\n\n\n<li class=\"has-medium-font-size\">mgr\u00a0Agat\u0119 Rolk\u0119 \u2013 grafika warsztatowa, kaligrafia<\/li>\n\n\n\n<li class=\"has-medium-font-size\">mgr\u00a0Ann\u0119 Skiersk\u0105-Jurczak \u2013 rysunek sztalugowy, tkactwo, moda i\u00a0projektowanie,<\/li>\n\n\n\n<li class=\"has-medium-font-size\">mgr\u00a0Tomasza Rucha\u0142\u0119 \u2013 pracownia witra\u017cu<\/li>\n\n\n\n<li class=\"has-medium-font-size\">mgr\u00a0Daniela Lachora \u2013 pracownia form przestrzennych i\u00a0scenografii oraz\u00a0tkaniny unikatowej i\u00a0ubioru scenicznego.<\/li>\n<\/ul>\n\n\n\n<p class=\"has-medium-font-size wp-block-paragraph\">Ponadto, Pa\u0142ac M\u0142odzie\u017cy kieruje do&nbsp;dzieci i&nbsp;m\u0142odzie\u017cy bogat\u0105 ofert\u0119 zaj\u0119\u0107 w&nbsp;zakresie modelarstwa kartonowego, dziennikarstwa, Druku 3D, filmu i&nbsp;animacji komputerowej, szach\u00f3w, teatru muzycznego i&nbsp;kukie\u0142kowego, edukacji czytelniczej i&nbsp;recytacji, j\u0119zyka angielskiego i&nbsp;kultury kraj\u00f3w angielskiego obszaru j\u0119zykowego. Wymienione ko\u0142a zainteresowa\u0144 funkcjonuj\u0105 w&nbsp;ramach Dzia\u0142u Promocji i&nbsp;Kultury, kt\u00f3ry&nbsp;jest najbardziej zr\u00f3\u017cnicowany. Znajduj\u0105 si\u0119 w&nbsp;nim:<\/p>\n\n\n\n<ul class=\"wp-block-list\">\n<li class=\"has-medium-font-size\">grupy teatralne: dzieci\u0119ca \u201eBajkowe skrzaty\u201d i\u00a0m\u0142odzie\u017cowa \u201eTo co\u00a0w\u00a0nas\u201d, grupy recytatorskie \u2013 mgr\u00a0Agnieszka Basiaga<\/li>\n\n\n\n<li class=\"has-medium-font-size\">teatr kukie\u0142kowy, grupy edukacji czytelniczej \u201eBohater mojej\u00a0ksi\u0105\u017cki\u201d \u2013 mgr\u00a0Anna \u0141ukasik<\/li>\n\n\n\n<li class=\"has-medium-font-size\">szachy \u2013 instruktor i\u00a0s\u0119dzia sportowy Piotr Wid\u0142a<\/li>\n\n\n\n<li class=\"has-medium-font-size\">modelarstwo kartonowe \u2013 mgr\u00a0\u0141ukasz Workiewicz<\/li>\n\n\n\n<li class=\"has-medium-font-size\">projektowanie stron internetowych, Druk 3D, film i\u00a0animacja komputerowa \u2013 mgr\u00a0in\u017c.\u00a0Pawe\u0142 Gutowski<\/li>\n\n\n\n<li class=\"has-medium-font-size\">Ko\u0142o J\u0119zyka Angielskiego i\u00a0Kultury Kraj\u00f3w Angloj\u0119zycznych \u2013 mgr\u00a0Lucyna Urba\u0144ska<\/li>\n\n\n\n<li class=\"has-medium-font-size\">dziennikarstwo radiowe i\u00a0prasowe \u2013 mgr\u00a0Micha\u0142 Rejduch.<\/li>\n<\/ul>\n\n\n\n<p class=\"has-medium-font-size wp-block-paragraph\">Nauczyciele Pa\u0142acu M\u0142odzie\u017cy umo\u017cliwiaj\u0105 dzieciom i&nbsp;m\u0142odzie\u017cy po\u017cyteczne i&nbsp;efektywne sp\u0119dzanie wolnego czasu przez&nbsp;ca\u0142y rok. M\u0142odzie\u017c uczestniczy w&nbsp;r\u00f3\u017cnych festiwalach, przegl\u0105dach, konkursach krajowych i&nbsp;zagranicznych, w&nbsp;kt\u00f3rych&nbsp;osi\u0105ga znacz\u0105ce wyniki.<\/p>\n\n\n\n<p class=\"has-medium-font-size wp-block-paragraph\">W&nbsp;roku szkolnym 2021\/2022 z&nbsp;zaj\u0119\u0107 Pa\u0142acu M\u0142odzie\u017cy skorzysta\u0142o 1865 uczestnik\u00f3w w&nbsp;ramach 151 k\u00f3\u0142 zainteresowa\u0144.<\/p>\n\n\n\n<p class=\"has-medium-font-size wp-block-paragraph\">Pa\u0142ac M\u0142odzie\u017cy w&nbsp;Nowym S\u0105czu w&nbsp;swoich dzia\u0142aniach potrafi \u0142\u0105czy\u0107 tradycj\u0119 z&nbsp;nowoczesno\u015bci\u0105 XXI wieku. Tematyka grup zainteresowa\u0144 jest bardzo zr\u00f3\u017cnicowana i&nbsp;\u0142\u0105czy w&nbsp;sobie wiele dziedzin. Od&nbsp;baletu, nauki \u015bpiewu, gry na&nbsp;instrumentach i&nbsp;plastyki a\u017c&nbsp;po&nbsp;zaj\u0119cia multimedialne czy&nbsp;modelarstwa kartonowego. Dzi\u0119ki temu nauczyciele i&nbsp;instruktorzy mog\u0105 uczy\u0107, bawi\u0107 i&nbsp;wychowywa\u0107.<\/p>\n\n\n\n<p class=\"has-medium-font-size wp-block-paragraph\">70 lat min\u0119\u0142o, a&nbsp;Pa\u0142ac M\u0142odzie\u017cy nie&nbsp;zwalnia tempa. Plac\u00f3wka zajmuje wyj\u0105tkowe miejsce na&nbsp;s\u0105deckiej mapie edukacyjnej. To&nbsp;przestrze\u0144 do&nbsp;realizacji pasji i&nbsp;odkrywania talent\u00f3w. Obecnie do&nbsp;plac\u00f3wki ucz\u0119szcza niemal 2000 dzieci i&nbsp;m\u0142odzie\u017cy, kt\u00f3rzy&nbsp;bior\u0105 udzia\u0142 w&nbsp;zaj\u0119ciach 160 k\u00f3\u0142 zainteresowa\u0144. Liczba ta&nbsp;stale si\u0119 zwi\u0119ksza.<\/p>\n\n\n\n<p class=\"has-medium-font-size wp-block-paragraph\">Dzia\u0142alno\u015b\u0107 Pa\u0142acu M\u0142odzie\u017cy obejmuje regularne zaj\u0119cia z&nbsp;dzie\u0107mi i&nbsp;m\u0142odzie\u017c\u0105, organizacj\u0119 wypoczynku letniego i&nbsp;zimowego, organizacj\u0119 koncert\u00f3w, warsztat\u00f3w i&nbsp;plener\u00f3w artystycznych stacjonarnych i&nbsp;wyjazdowych, oko\u0142o 20 konkurs\u00f3w, festiwali i&nbsp;przegl\u0105d\u00f3w rocznie o&nbsp;zasi\u0119gu wojew\u00f3dzkim, og\u00f3lnopolskim i&nbsp;mi\u0119dzynarodowym. Do&nbsp;najwa\u017cniejszych wydarze\u0144 kulturalnych Pa\u0142acu M\u0142odzie\u017cy zaliczy\u0107 nale\u017cy:<\/p>\n\n\n\n<ul class=\"wp-block-list\">\n<li class=\"has-medium-font-size\">Mi\u0119dzynarodowy Festiwal Piosenki Country \u201eMayflower\u201d<\/li>\n\n\n\n<li class=\"has-medium-font-size\">Mi\u0119dzynarodowy Przegl\u0105d Plastyczny \u201eOgr\u00f3d pi\u0119kna, dobra i\u00a0rado\u015bci\u201d<\/li>\n\n\n\n<li class=\"has-medium-font-size\">Mi\u0119dzynarodowy Festiwal Piosenki Dzieci\u0119cej \u201eSkowroneczek\u201d<\/li>\n\n\n\n<li class=\"has-medium-font-size\">Og\u00f3lnopolski Przegl\u0105d Plastyczny \u201eAnio\u0142\u201d<\/li>\n\n\n\n<li class=\"has-medium-font-size\">Og\u00f3lnopolski Konkurs Plastyczny \u201eMoja Kartka Bo\u017conarodzeniowa\u201d w\u00a0ramach cyklu \u201ePod skrzyd\u0142ami anio\u0142a\u201d<\/li>\n\n\n\n<li class=\"has-medium-font-size\">Og\u00f3lnopolski Konkurs Polskiej Poezji Religijnej ,,Pier\u015bcie\u0144 \u015bw.\u00a0Kingi\u201d<\/li>\n\n\n\n<li class=\"has-medium-font-size\">Og\u00f3lnopolski Konkurs Kaligraficzny \u201eBaka\u0142arz\u201d<\/li>\n\n\n\n<li class=\"has-medium-font-size\">Wojew\u00f3dzki Przegl\u0105d Breakdance \u201eS\u0105decki Beat\u201d<\/li>\n\n\n\n<li class=\"has-medium-font-size\">Wojew\u00f3dzki Konkurs Piosenki \u201eAnielska Nutka\u201d<\/li>\n\n\n\n<li class=\"has-medium-font-size\">Wojew\u00f3dzki Konkurs Recytatorski ,,Echa poetica\u2019\u2019<\/li>\n\n\n\n<li class=\"has-medium-font-size\">Wojew\u00f3dzki Konkurs Plastyczny \u201eW\u0119dr\u00f3wki przez\u00a0epoki\u201d<\/li>\n\n\n\n<li class=\"has-medium-font-size\">Regionalny Przegl\u0105d M\u0142odzie\u017cowych Kapel Ludowych \u201eZagroj mi\u00a0muzycko\u201d<\/li>\n\n\n\n<li class=\"has-medium-font-size\">Konkurs Plastyczny dla dzieci z\u00a0niepe\u0142nosprawno\u015bci\u0105 \u201eW rytmie p\u00f3r roku\u201d<\/li>\n\n\n\n<li class=\"has-medium-font-size\">Regionalny Przegl\u0105d Dzia\u0142a\u0144 Artystycznych \u201eZ Gwiazd\u0105 i\u00a0Turoniem\u201d<\/li>\n\n\n\n<li class=\"has-medium-font-size\">Przegl\u0105d Dzia\u0142a\u0144 Artystycznych ,,Baltazar\u201d \u2013 \u00a0konkurs interpretacji teatralnej i\u00a0konkurs plastyczny<\/li>\n\n\n\n<li class=\"has-medium-font-size\">Memoria\u0142 Szachowy im.\u00a0Marcina Bernackiego<\/li>\n\n\n\n<li class=\"has-medium-font-size\">Konkurs literacki \u201eMoje rymowanki\u201d<\/li>\n\n\n\n<li class=\"has-medium-font-size\">Konkurs Recytatorski Poezji Karola Wojty\u0142y \u201eDo Ciebie wo\u0142am cz\u0142owieku, Ciebie szukam\u201d.<\/li>\n<\/ul>\n\n\n\n<p class=\"has-medium-font-size wp-block-paragraph\">Pa\u0142ac M\u0142odzie\u017cy \u015bci\u015ble wsp\u00f3\u0142pracuje z&nbsp;szeroko rozumianym \u015brodowiskiem lokalnym wychodz\u0105c naprzeciw jego oczekiwaniom i&nbsp;potrzebom. Wychowankowie i&nbsp;nauczyciele dzia\u0142aj\u0105 charytatywnie przy takich akcjach jak \u201eSzlachetna paczka\u201d czy&nbsp;Wielka Orkiestra \u015awi\u0105tecznej Pomocy. Najpopularniejsz\u0105 form\u0105 pomocy i&nbsp;pracy jest oprawa artystyczna imprez towarzysz\u0105cych organizowanych przez&nbsp;fundacje, stowarzyszenia i&nbsp;jednostki samorz\u0105du lokalnego. Nie&nbsp;mo\u017ce nas zabrakn\u0105\u0107 na&nbsp;obchodach \u015awiatowego Dnia \u015awiadomo\u015bci o&nbsp;Autyzmie, Dniu Seniora, Pok\u0142onie Trzech Kr\u00f3li. Jeste\u015bmy z&nbsp;mieszka\u0144cami Nowego S\u0105cza w&nbsp;czasie rocznic wa\u017cnych historycznych wydarze\u0144 takich jak: \u015awi\u0119to Niepodleg\u0142o\u015bci, Konstytucji 3 Maja, lokacji miasta Nowego S\u0105cza. Wystawiamy patriotyczne spektakle s\u0142owno-muzyczne, pami\u0119tamy o&nbsp;bogactwie r\u00f3\u017cnorodno\u015bci&nbsp; kultur ziemi s\u0105deckiej przybli\u017caj\u0105c tradycje i&nbsp;obyczaje mniejszo\u015bci narodowych naszego regionu. Grupy artystyczne, teatralne i&nbsp;soli\u015bci wyst\u0119puj\u0105 dla dzieci z&nbsp;programem miko\u0142ajkowym, dla kobiet, matek, babci i&nbsp;dziadk\u00f3w z&nbsp;okazji ich \u015bwi\u0105t, dla s\u0105deckich rodzin z&nbsp;projektem integracyjnym \u201eTurniej Rodzin\u201d.<\/p>\n\n\n\n<p class=\"wp-block-paragraph\"><strong>WSP\u00d3\u0141PRACA MI\u0118DZYNARODOWA<\/strong><\/p>\n\n\n\n<p class=\"has-medium-font-size wp-block-paragraph\">Pa\u0142ac M\u0142odzie\u017cy w&nbsp;Nowym S\u0105czu prowadzi wsp\u00f3\u0142prac\u0119 zagraniczn\u0105 z&nbsp;bli\u017aniaczymi plac\u00f3wkami kulturalno-o\u015bwiatowymi mieszcz\u0105cymi si\u0119 w&nbsp;miastach partnerskich Nowego S\u0105cza. Tradycyjnie, kilka razy w&nbsp;roku zespo\u0142y wokalno-taneczne wyst\u0119puj\u0105 dla Polonii w&nbsp;Rzymie, Pary\u017cu, Wiedniu i&nbsp;Monachium nierzadko z&nbsp;programem kol\u0119dniczym. M\u0142odzi ludzie o&nbsp;wybitnych zdolno\u015bciach artystycznych bior\u0105 udzia\u0142 w&nbsp;zagranicznych festiwalach folklorystycznych, piosenki dzieci\u0119cej i&nbsp;konkursach plastycznych.<\/p>\n\n\n\n<p class=\"has-medium-font-size wp-block-paragraph\">Wsp\u00f3\u0142praca mi\u0119dzynarodowa nabra\u0142a rozp\u0119du w&nbsp;2016 roku po&nbsp;podpisaniu umowy o&nbsp;wsp\u00f3\u0142pracy mi\u0119dzy Pa\u0142acem M\u0142odzie\u017cy w&nbsp;Nowym S\u0105czu a&nbsp;Centrum Dzieci i&nbsp;M\u0142odzie\u017cy Przemys\u0142owego Parku Suzhou, Chiny. Skutkowa\u0142o to&nbsp;wymian\u0105 dzieci i&nbsp;m\u0142odzie\u017cy na&nbsp;wa\u017cnych wydarzeniach kulturalnych organizowane przez&nbsp;plac\u00f3wki obydwu miast.<\/p>\n\n\n\n<p class=\"has-medium-font-size wp-block-paragraph\">Nie&nbsp;bez&nbsp;znaczenie jest kooperacja z&nbsp;centrami kultury w&nbsp;Presovie i&nbsp;Starej Lubovni (S\u0142owacja), Kiskunhalas (W\u0119gry), Nietyszyn, Stryj i&nbsp;Uzhorod (Ukraina), a&nbsp;tak\u017ce z&nbsp;wydzia\u0142ami kultury w&nbsp;partnerskich miastach Netanii (Izrael), Antalya (Turcja) oraz&nbsp;Rzymu. Przyczynkiem do&nbsp;zacie\u015bnienia relacji z&nbsp;podmiotami zagranicznymi s\u0105&nbsp;takie projekty jak Festiwal Piosenki Dzieci\u0119cej \u201eSkowroneczek\u201d, Festiwal Piosenki Country \u201eMayflower\u201d oraz&nbsp;Przegl\u0105d Plastyczny \u201eOgr\u00f3d pi\u0119kna, dobra i&nbsp;rado\u015bci\u201d organizowane przez&nbsp;Pa\u0142ac M\u0142odzie\u017cy od&nbsp;2017 roku na&nbsp;skal\u0119 mi\u0119dzynarodow\u0105.<\/p>\n\n\n\n<p class=\"has-medium-font-size wp-block-paragraph\">We&nbsp;wrze\u015bniu 2022 roku Dyrektor Pa\u0142ac M\u0142odzie\u017cy w&nbsp;Nowym S\u0105czu Milenia Ma\u0142ecka-Rogal podpisa\u0142a umow\u0119 o&nbsp;wymianie kulturalnej i&nbsp;wsp\u00f3\u0142pracy partnerskiej z&nbsp;Pa\u0142acem Dzieci i&nbsp;M\u0142odzie\u017cy \u201ePadyiun\u201d w&nbsp;Uzhgorod reprezentowanym przez&nbsp;dyrektor Svitlana Hanushchyna.<\/p>\n\n\n\n<p class=\"wp-block-paragraph\"><strong>ROK 2022<\/strong><\/p>\n\n\n\n<p class=\"has-medium-font-size wp-block-paragraph\">We&nbsp;wrze\u015bniu 2022&nbsp;r. Pa\u0142ac M\u0142odzie\u017cy zmieni\u0142 sw\u00f3j logotyp. Uroczysto\u015bci zwi\u0105zane z&nbsp;obchodami 70-lecia dzia\u0142alno\u015bci Pa\u0142acu M\u0142odzie\u017cy, najwi\u0119kszej plac\u00f3wki wychowania pozaszkolnego w&nbsp;Nowym S\u0105czu zaplanowane s\u0105&nbsp;na&nbsp;stycze\u0144 2023 roku. Zapraszamy na&nbsp;koncerty jubileuszowe, kt\u00f3re odb\u0119d\u0105 si\u0119 w&nbsp;Miejskim O\u015brodku Kultury w&nbsp;Nowym S\u0105czu w&nbsp;dniach 20 stycznia i&nbsp;30 stycznia o&nbsp;godz.&nbsp;17.00.<\/p>\n","protected":false},"excerpt":{"rendered":"<p>STATUS ORGANIZACYJNY Pa\u0142ac M\u0142odzie\u017cy w&nbsp;Nowym S\u0105czu jest publiczn\u0105 plac\u00f3wk\u0105 o\u015bwiatowo-wychowawcz\u0105 dzia\u0142aj\u0105c\u0105 w&nbsp;strukturach organizacyjnych Urz\u0119du Miasta Nowego S\u0105cza. Zadania i&nbsp;cele dzia\u0142alno\u015bci s\u0105&nbsp;okre\u015blone w&nbsp;Statucie Pa\u0142acu M\u0142odzie\u017cy w&nbsp;Nowym S\u0105czu, sporz\u0105dzonym w&nbsp;oparciu o&nbsp;ustaw\u0119 z&nbsp;dnia 7 marca 2005 roku w&nbsp;sprawie \u201eRamowych statut\u00f3w plac\u00f3wek publicznych\u201d i&nbsp;rozporz\u0105dzenie Ministra Edukacji Narodowej i&nbsp;Sportu z&nbsp;dnia 7 marca 2005&nbsp;r. w&nbsp;sprawie ramowych statut\u00f3w plac\u00f3wek publicznych (Dz.&nbsp;U. nr&nbsp;52 [&hellip;]<\/p>\n","protected":false},"author":1,"featured_media":0,"parent":0,"menu_order":0,"comment_status":"closed","ping_status":"closed","template":"","meta":{"footnotes":""},"class_list":["post-22","page","type-page","status-publish","hentry"],"yoast_head":"<!-- This site is optimized with the Yoast SEO plugin v28.0 - https:\/\/yoast.com\/product\/yoast-seo-wordpress\/ -->\n<title>O nas - Pa\u0142ac M\u0142odzie\u017cy<\/title>\n<meta name=\"robots\" content=\"index, follow, max-snippet:-1, max-image-preview:large, max-video-preview:-1\" \/>\n<link rel=\"canonical\" href=\"https:\/\/pmmns.palacmlodziezy.pl\/?page_id=22\" \/>\n<meta property=\"og:locale\" content=\"pl_PL\" \/>\n<meta property=\"og:type\" content=\"article\" \/>\n<meta property=\"og:title\" content=\"O nas - Pa\u0142ac M\u0142odzie\u017cy\" \/>\n<meta property=\"og:description\" content=\"STATUS ORGANIZACYJNY Pa\u0142ac M\u0142odzie\u017cy w&nbsp;Nowym S\u0105czu jest publiczn\u0105 plac\u00f3wk\u0105 o\u015bwiatowo-wychowawcz\u0105 dzia\u0142aj\u0105c\u0105 w&nbsp;strukturach organizacyjnych Urz\u0119du Miasta Nowego S\u0105cza. Zadania i&nbsp;cele dzia\u0142alno\u015bci s\u0105&nbsp;okre\u015blone w&nbsp;Statucie Pa\u0142acu M\u0142odzie\u017cy w&nbsp;Nowym S\u0105czu, sporz\u0105dzonym w&nbsp;oparciu o&nbsp;ustaw\u0119 z&nbsp;dnia 7 marca 2005 roku w&nbsp;sprawie \u201eRamowych statut\u00f3w plac\u00f3wek publicznych\u201d i&nbsp;rozporz\u0105dzenie Ministra Edukacji Narodowej i&nbsp;Sportu z&nbsp;dnia 7 marca 2005&nbsp;r. w&nbsp;sprawie ramowych statut\u00f3w plac\u00f3wek publicznych (Dz.&nbsp;U. nr&nbsp;52 [&hellip;]\" \/>\n<meta property=\"og:url\" content=\"https:\/\/pmmns.palacmlodziezy.pl\/?page_id=22\" \/>\n<meta property=\"og:site_name\" content=\"Pa\u0142ac M\u0142odzie\u017cy\" \/>\n<meta name=\"twitter:card\" content=\"summary_large_image\" \/>\n<meta name=\"twitter:label1\" content=\"Szacowany czas czytania\" \/>\n\t<meta name=\"twitter:data1\" content=\"13 minut\" \/>\n<script type=\"application\/ld+json\" class=\"yoast-schema-graph\">{\"@context\":\"https:\\\/\\\/schema.org\",\"@graph\":[{\"@type\":\"WebPage\",\"@id\":\"https:\\\/\\\/pmmns.palacmlodziezy.pl\\\/?page_id=22\",\"url\":\"https:\\\/\\\/pmmns.palacmlodziezy.pl\\\/?page_id=22\",\"name\":\"O nas - Pa\u0142ac M\u0142odzie\u017cy\",\"isPartOf\":{\"@id\":\"https:\\\/\\\/pmmns.palacmlodziezy.pl\\\/#website\"},\"primaryImageOfPage\":{\"@id\":\"https:\\\/\\\/pmmns.palacmlodziezy.pl\\\/?page_id=22#primaryimage\"},\"image\":{\"@id\":\"https:\\\/\\\/pmmns.palacmlodziezy.pl\\\/?page_id=22#primaryimage\"},\"thumbnailUrl\":\"https:\\\/\\\/palacmlodziezy.pl\\\/wp-content\\\/uploads\\\/2022\\\/11\\\/tn_PM_2022.jpg\",\"datePublished\":\"2025-09-06T15:41:07+00:00\",\"breadcrumb\":{\"@id\":\"https:\\\/\\\/pmmns.palacmlodziezy.pl\\\/?page_id=22#breadcrumb\"},\"inLanguage\":\"pl-PL\",\"potentialAction\":[{\"@type\":\"ReadAction\",\"target\":[\"https:\\\/\\\/pmmns.palacmlodziezy.pl\\\/?page_id=22\"]}]},{\"@type\":\"ImageObject\",\"inLanguage\":\"pl-PL\",\"@id\":\"https:\\\/\\\/pmmns.palacmlodziezy.pl\\\/?page_id=22#primaryimage\",\"url\":\"https:\\\/\\\/palacmlodziezy.pl\\\/wp-content\\\/uploads\\\/2022\\\/11\\\/tn_PM_2022.jpg\",\"contentUrl\":\"https:\\\/\\\/palacmlodziezy.pl\\\/wp-content\\\/uploads\\\/2022\\\/11\\\/tn_PM_2022.jpg\"},{\"@type\":\"BreadcrumbList\",\"@id\":\"https:\\\/\\\/pmmns.palacmlodziezy.pl\\\/?page_id=22#breadcrumb\",\"itemListElement\":[{\"@type\":\"ListItem\",\"position\":1,\"name\":\"Strona g\u0142\u00f3wna\",\"item\":\"https:\\\/\\\/pmmns.palacmlodziezy.pl\\\/\"},{\"@type\":\"ListItem\",\"position\":2,\"name\":\"O nas\"}]},{\"@type\":\"WebSite\",\"@id\":\"https:\\\/\\\/pmmns.palacmlodziezy.pl\\\/#website\",\"url\":\"https:\\\/\\\/pmmns.palacmlodziezy.pl\\\/\",\"name\":\"Pa\u0142ac M\u0142odzie\u017cy\",\"description\":\"Bo tu warto wraca\u0107...\",\"publisher\":{\"@id\":\"https:\\\/\\\/pmmns.palacmlodziezy.pl\\\/#organization\"},\"potentialAction\":[{\"@type\":\"SearchAction\",\"target\":{\"@type\":\"EntryPoint\",\"urlTemplate\":\"https:\\\/\\\/pmmns.palacmlodziezy.pl\\\/?s={search_term_string}\"},\"query-input\":{\"@type\":\"PropertyValueSpecification\",\"valueRequired\":true,\"valueName\":\"search_term_string\"}}],\"inLanguage\":\"pl-PL\"},{\"@type\":\"Organization\",\"@id\":\"https:\\\/\\\/pmmns.palacmlodziezy.pl\\\/#organization\",\"name\":\"Pa\u0142ac M\u0142odzie\u017cy\",\"url\":\"https:\\\/\\\/pmmns.palacmlodziezy.pl\\\/\",\"logo\":{\"@type\":\"ImageObject\",\"inLanguage\":\"pl-PL\",\"@id\":\"https:\\\/\\\/pmmns.palacmlodziezy.pl\\\/#\\\/schema\\\/logo\\\/image\\\/\",\"url\":\"https:\\\/\\\/pmmns.palacmlodziezy.pl\\\/wp-content\\\/uploads\\\/2025\\\/09\\\/cropped-Tekst-akapitu.png\",\"contentUrl\":\"https:\\\/\\\/pmmns.palacmlodziezy.pl\\\/wp-content\\\/uploads\\\/2025\\\/09\\\/cropped-Tekst-akapitu.png\",\"width\":500,\"height\":500,\"caption\":\"Pa\u0142ac M\u0142odzie\u017cy\"},\"image\":{\"@id\":\"https:\\\/\\\/pmmns.palacmlodziezy.pl\\\/#\\\/schema\\\/logo\\\/image\\\/\"}}]}<\/script>\n<!-- \/ Yoast SEO plugin. -->","yoast_head_json":{"title":"O nas - Pa\u0142ac M\u0142odzie\u017cy","robots":{"index":"index","follow":"follow","max-snippet":"max-snippet:-1","max-image-preview":"max-image-preview:large","max-video-preview":"max-video-preview:-1"},"canonical":"https:\/\/pmmns.palacmlodziezy.pl\/?page_id=22","og_locale":"pl_PL","og_type":"article","og_title":"O nas - Pa\u0142ac M\u0142odzie\u017cy","og_description":"STATUS ORGANIZACYJNY Pa\u0142ac M\u0142odzie\u017cy w&nbsp;Nowym S\u0105czu jest publiczn\u0105 plac\u00f3wk\u0105 o\u015bwiatowo-wychowawcz\u0105 dzia\u0142aj\u0105c\u0105 w&nbsp;strukturach organizacyjnych Urz\u0119du Miasta Nowego S\u0105cza. Zadania i&nbsp;cele dzia\u0142alno\u015bci s\u0105&nbsp;okre\u015blone w&nbsp;Statucie Pa\u0142acu M\u0142odzie\u017cy w&nbsp;Nowym S\u0105czu, sporz\u0105dzonym w&nbsp;oparciu o&nbsp;ustaw\u0119 z&nbsp;dnia 7 marca 2005 roku w&nbsp;sprawie \u201eRamowych statut\u00f3w plac\u00f3wek publicznych\u201d i&nbsp;rozporz\u0105dzenie Ministra Edukacji Narodowej i&nbsp;Sportu z&nbsp;dnia 7 marca 2005&nbsp;r. w&nbsp;sprawie ramowych statut\u00f3w plac\u00f3wek publicznych (Dz.&nbsp;U. nr&nbsp;52 [&hellip;]","og_url":"https:\/\/pmmns.palacmlodziezy.pl\/?page_id=22","og_site_name":"Pa\u0142ac M\u0142odzie\u017cy","twitter_card":"summary_large_image","twitter_misc":{"Szacowany czas czytania":"13 minut"},"schema":{"@context":"https:\/\/schema.org","@graph":[{"@type":"WebPage","@id":"https:\/\/pmmns.palacmlodziezy.pl\/?page_id=22","url":"https:\/\/pmmns.palacmlodziezy.pl\/?page_id=22","name":"O nas - Pa\u0142ac M\u0142odzie\u017cy","isPartOf":{"@id":"https:\/\/pmmns.palacmlodziezy.pl\/#website"},"primaryImageOfPage":{"@id":"https:\/\/pmmns.palacmlodziezy.pl\/?page_id=22#primaryimage"},"image":{"@id":"https:\/\/pmmns.palacmlodziezy.pl\/?page_id=22#primaryimage"},"thumbnailUrl":"https:\/\/palacmlodziezy.pl\/wp-content\/uploads\/2022\/11\/tn_PM_2022.jpg","datePublished":"2025-09-06T15:41:07+00:00","breadcrumb":{"@id":"https:\/\/pmmns.palacmlodziezy.pl\/?page_id=22#breadcrumb"},"inLanguage":"pl-PL","potentialAction":[{"@type":"ReadAction","target":["https:\/\/pmmns.palacmlodziezy.pl\/?page_id=22"]}]},{"@type":"ImageObject","inLanguage":"pl-PL","@id":"https:\/\/pmmns.palacmlodziezy.pl\/?page_id=22#primaryimage","url":"https:\/\/palacmlodziezy.pl\/wp-content\/uploads\/2022\/11\/tn_PM_2022.jpg","contentUrl":"https:\/\/palacmlodziezy.pl\/wp-content\/uploads\/2022\/11\/tn_PM_2022.jpg"},{"@type":"BreadcrumbList","@id":"https:\/\/pmmns.palacmlodziezy.pl\/?page_id=22#breadcrumb","itemListElement":[{"@type":"ListItem","position":1,"name":"Strona g\u0142\u00f3wna","item":"https:\/\/pmmns.palacmlodziezy.pl\/"},{"@type":"ListItem","position":2,"name":"O nas"}]},{"@type":"WebSite","@id":"https:\/\/pmmns.palacmlodziezy.pl\/#website","url":"https:\/\/pmmns.palacmlodziezy.pl\/","name":"Pa\u0142ac M\u0142odzie\u017cy","description":"Bo tu warto wraca\u0107...","publisher":{"@id":"https:\/\/pmmns.palacmlodziezy.pl\/#organization"},"potentialAction":[{"@type":"SearchAction","target":{"@type":"EntryPoint","urlTemplate":"https:\/\/pmmns.palacmlodziezy.pl\/?s={search_term_string}"},"query-input":{"@type":"PropertyValueSpecification","valueRequired":true,"valueName":"search_term_string"}}],"inLanguage":"pl-PL"},{"@type":"Organization","@id":"https:\/\/pmmns.palacmlodziezy.pl\/#organization","name":"Pa\u0142ac M\u0142odzie\u017cy","url":"https:\/\/pmmns.palacmlodziezy.pl\/","logo":{"@type":"ImageObject","inLanguage":"pl-PL","@id":"https:\/\/pmmns.palacmlodziezy.pl\/#\/schema\/logo\/image\/","url":"https:\/\/pmmns.palacmlodziezy.pl\/wp-content\/uploads\/2025\/09\/cropped-Tekst-akapitu.png","contentUrl":"https:\/\/pmmns.palacmlodziezy.pl\/wp-content\/uploads\/2025\/09\/cropped-Tekst-akapitu.png","width":500,"height":500,"caption":"Pa\u0142ac M\u0142odzie\u017cy"},"image":{"@id":"https:\/\/pmmns.palacmlodziezy.pl\/#\/schema\/logo\/image\/"}}]}},"_links":{"self":[{"href":"https:\/\/pmmns.palacmlodziezy.pl\/index.php?rest_route=\/wp\/v2\/pages\/22","targetHints":{"allow":["GET"]}}],"collection":[{"href":"https:\/\/pmmns.palacmlodziezy.pl\/index.php?rest_route=\/wp\/v2\/pages"}],"about":[{"href":"https:\/\/pmmns.palacmlodziezy.pl\/index.php?rest_route=\/wp\/v2\/types\/page"}],"author":[{"embeddable":true,"href":"https:\/\/pmmns.palacmlodziezy.pl\/index.php?rest_route=\/wp\/v2\/users\/1"}],"replies":[{"embeddable":true,"href":"https:\/\/pmmns.palacmlodziezy.pl\/index.php?rest_route=%2Fwp%2Fv2%2Fcomments&post=22"}],"version-history":[{"count":1,"href":"https:\/\/pmmns.palacmlodziezy.pl\/index.php?rest_route=\/wp\/v2\/pages\/22\/revisions"}],"predecessor-version":[{"id":23,"href":"https:\/\/pmmns.palacmlodziezy.pl\/index.php?rest_route=\/wp\/v2\/pages\/22\/revisions\/23"}],"wp:attachment":[{"href":"https:\/\/pmmns.palacmlodziezy.pl\/index.php?rest_route=%2Fwp%2Fv2%2Fmedia&parent=22"}],"curies":[{"name":"wp","href":"https:\/\/api.w.org\/{rel}","templated":true}]}}