{"id":12,"date":"2025-09-06T17:29:38","date_gmt":"2025-09-06T15:29:38","guid":{"rendered":"https:\/\/pmmns.palacmlodziezy.pl\/?page_id=12"},"modified":"2025-09-06T17:37:32","modified_gmt":"2025-09-06T15:37:32","slug":"pracownicy","status":"publish","type":"page","link":"https:\/\/pmmns.palacmlodziezy.pl\/?page_id=12","title":{"rendered":"Pracownicy"},"content":{"rendered":"\n<p class=\"has-large-font-size wp-block-paragraph\"><strong>Dyrektor Pa\u0142acu M\u0142odzie\u017cy<\/strong><\/p>\n\n\n\n<p class=\"has-medium-font-size wp-block-paragraph\"><strong>mgr&nbsp;Milenia Ma\u0142ecka-Rogal \u2013&nbsp;<\/strong><em>m.malecka.rogal<\/em>@palacmlodziezy.pl<\/p>\n\n\n\n<p class=\"has-large-font-size wp-block-paragraph\"><strong>Wicedyrektor Pa\u0142acu M\u0142odzie\u017cy<\/strong><\/p>\n\n\n\n<p class=\"has-medium-font-size wp-block-paragraph\"><strong>mgr Urszula Baziak<\/strong> \u2013 wicedyrektor, nauczyciel baletu&nbsp;\u2013 u.baziak@palacmlodziezy.pl<\/p>\n\n\n\n<p class=\"wp-block-paragraph\"><strong>DZIA\u0141 FOLKLORU I&nbsp;TRADYCJI<\/strong><\/p>\n\n\n\n<p class=\"has-medium-font-size wp-block-paragraph\"><strong>mgr&nbsp;Barbara S\u0142awecka <\/strong>\u2013 kierownik dzia\u0142u i&nbsp;Regionalnego Zespo\u0142u \u201eS\u0105deczoki\u201d<em>\u2013 b.slawecka@palacmlodziezy.pl<\/em><br><strong>mgr Marlena Bulanda<\/strong> \u2013 nauczyciel ta\u0144ca&nbsp;<em>\u2013 m.bulanda@palacmlodziezy.pl<\/em><br><strong>mgr Joanna Chowaniec<\/strong> \u2013 nauczyciel muzyki&nbsp;<em>\u2013 j.chowaniecz@palacmlodziezy.pl<\/em><br><strong>mgr Agnieszka Gawlik<\/strong> \u2013 nauczyciel muzyki, gry na&nbsp;skrzypcach&nbsp;<em>\u2013 a.gawlik@palacmlodziezy.pl<\/em><br><strong>mgr Ma\u0142gorzata Grodzka-K\u0105dzio\u0142ka<\/strong> \u2013 nauczyciel ta\u0144ca&nbsp;<em>\u2013 m.grodzkakadziolka@palacmlodziezy.pl<\/em><br><strong>mgr Krzysztof Repetowski<\/strong> \u2013 nauczyciel muzyki, gry na&nbsp;klarnecie, kapela zespo\u0142u \u201eS\u0105deczoki\u201d&nbsp;<em>\u2013 k.repetowski@palacmlodziezy.pl<\/em><br><strong>mgr Gabriela Stanny<\/strong> \u2013 nauczyciel muzyki, gry na&nbsp;skrzypcach&nbsp;<em>\u2013 g.stanny@palacmlodziezy.pl<\/em><\/p>\n\n\n\n<p class=\"wp-block-paragraph\"><strong>DZIA\u0141 MUZYKI I&nbsp;TA\u0143CA<\/strong><\/p>\n\n\n\n<p class=\"has-medium-font-size wp-block-paragraph\"><strong>mgr&nbsp;Agata Rolka<\/strong> \u2013&nbsp; kierownik dzia\u0142u, nauczyciel plastyki, grafiki&nbsp;<em>\u2013 a.rolka@palacmlodziezy.pl<\/em><br><strong>mgr Urszula Baziak <\/strong>\u2013 wicedyrektor, nauczyciel baletu&nbsp;<em>\u2013 u.baziak@palacmlodziezy.pl<\/em><br><strong>mgr Milenia Ma\u0142ecka \u2013 Rogal<\/strong> \u2013 dyrektor Pa\u0142acu, nauczyciel ta\u0144ca, choreograf<em>\u2013 m.malecka.rogal@palacmlodziezy.pl<br><\/em><strong>mgr&nbsp;Dorota Gwi\u017cd\u017c<\/strong> \u2013 nauczyciel ta\u0144ca, Zesp\u00f3\u0142 \u201ePompon Team\u201d&nbsp;<em>\u2013 d.gwizdz@palacmlodziezy.pl<\/em><br><strong>mgr Joanna Albrzykowska \u2013 Clifford <\/strong>\u2013 nauczyciel wokalu, teatru muzycznego \u2013&nbsp;<em>j.albrzykowska.clifford@palacmlodziezy.pl<\/em><br>dr Piotr Dobosz \u2013 nauczyciel sztuk walki&nbsp;<em>\u2013 p.dobosz@palacmlodziezy.pl<\/em><br><strong>mgr S\u0142awomir Dobosz<\/strong> \u2013 nauczyciel breakdance&nbsp;<em>\u2013 s.dobosz@palacmlodziezy.pl<\/em><br><strong>ks. Andrzej Mulka<\/strong> \u2013 nauczyciel muzyki, zesp\u00f3\u0142 wokalno \u2013 taneczny \u201ePromyczki Dobra\u201d&nbsp;<em>\u2013 a.mulka@palacmlodziezy.pl<\/em><br><strong>mgr Pawe\u0142 Nie\u0107<\/strong> \u2013 nauczyciel muzyki, gry na&nbsp;gitarze&nbsp;<em>\u2013 p.niec@palacmlodziezy.pl<\/em><br><strong>mgr Dorota Szymbara<\/strong> \u2013 nauczyciel muzyki, wokalu&nbsp;<em>\u2013 d.szymbara@palacmlodziezy.pl<\/em><br><strong>mgr Sylwia Tomaszewska \u2013 Siedlarz<\/strong> \u2013 nauczyciel muzyki, zesp\u00f3\u0142 \u201ePromyczki Dobra\u201d&nbsp;<em>\u2013 s.tomaszewska.siedlarz@palacmlodziezy.pl<br><\/em><strong>lic.&nbsp;Agata Mr\u00f3z<\/strong> \u2013 nauczyciel ta\u0144ca nowoczesnego i&nbsp;towarzyskiego \u2013<em>&nbsp;a.mroz@palacmlodziezy.pl&nbsp;<\/em><\/p>\n\n\n\n<p class=\"wp-block-paragraph\"><strong>DZIA\u0141 PLASTYCZNY<\/strong><\/p>\n\n\n\n<p class=\"has-medium-font-size wp-block-paragraph\"><strong>mgr&nbsp;Renata Kubiesza<\/strong> \u2013 kierownik dzia\u0142u, nauczyciel plastyki&nbsp;<em>\u2013 r.kubiesza@palacmlodziezy.pl<\/em><br><strong>mgr El\u017cbieta Barciszewska \u2013 Kozio\u0142<\/strong> \u2013 nauczyciel plastyki, r\u0119kodzie\u0142a ceramicznego \u2013&nbsp;<em>e.barciszewska.koziol@palacmlodziezy.pl<\/em><br><strong>mgr Olga G\u0142uc<\/strong> \u2013 nauczyciel plastyki, ceramiki \u2013&nbsp;<em>o.gluc@palacmlodziezy.pl<\/em><br><strong>mgr Violetta Rola<\/strong> \u2013 nauczyciel plastyki, ceramiki \u2013 v.rola@<em>palacmlodziezy.pl<\/em><br><strong>mgr Agata Rolka<\/strong> \u2013&nbsp; nauczyciel plastyki, grafiki&nbsp;<em>\u2013 a.rolka@palacmlodziezy.pl<\/em><br><strong>mgr Anna Skierska \u2013 Jurczak<\/strong> \u2013 nauczyciel plastyki, tkaniny i&nbsp;wzornictwa artystycznego&nbsp;<em>\u2013 a.skierska.jurczak@palacmlodziezy.pl<\/em><br><strong>mgr Wioleta Micha\u0142owska<\/strong> \u2013 nauczyciel plastyki&nbsp;<em>\u2013 w.michalowska@palacmlodziezy.pl<\/em><br><strong>mgr Daniel Lachor <\/strong>\u2013 nauczyciel plastyki&nbsp;<em>\u2013 d.lachor@palacmlodziezy.pl<\/em><br><strong>mgr Tomasz Rucha\u0142a<\/strong> \u2013 nauczyciel plastyki, witra\u017c Tiffaniego&nbsp;<em>\u2013 t.ruchala@palacmlodziezy.pl<\/em><\/p>\n\n\n\n<p class=\"wp-block-paragraph\"><strong>DZIA\u0141 PROMOCJI I&nbsp;KULTURY<\/strong><\/p>\n\n\n\n<p class=\"has-medium-font-size wp-block-paragraph\"><strong>mgr\u00a0Lucyna Urba\u0144ska<\/strong> \u2013 kierownik dzia\u0142u, nauczyciel kultury i\u00a0j\u0119zyka angielskiego\u00a0<em>\u2013 l.urbanska@palacmlodziezy.pl<\/em><br><strong>mgr Agnieszka Basiaga<\/strong> \u2013 nauczyciel muzyki, teatru i\u00a0kultury \u017cywego s\u0142owa\u00a0<em>\u2013 a.basiaga@palacmlodziezy.pl<\/em><br><strong>mgr in\u017c.\u00a0Pawe\u0142 Gutowski <\/strong>\u2013 nauczyciel informatyki\u00a0<em>\u2013 p.gutowski@palacmlodziezy.pl<\/em><br><strong>mgr Anna \u0141ukasik<\/strong> \u2013 nauczyciel kultury \u017cywego s\u0142owa, teatru historycznego\u00a0<em>\u2013 a.lukasik@palacmlodziezy.pl<\/em><br><strong>mgr Micha\u0142 Rejduch<\/strong> \u2013 nauczyciel dziennikarstwa radiowego i\u00a0prasowego\u00a0<em>\u2013 m.rejduch@palacmlodziezy.pl<\/em><br><strong>lic. Piotr Wid\u0142a <\/strong>\u2013 instruktor szachowy\u00a0<em>\u2013 p.widla@palacmlodziezy.pl<br><\/em><strong>mgr\u00a0Pawe\u0142 Spicha<\/strong> \u2013 nauczyciel matematyki prowadz\u0105cy klub M\u0142odego Pitagorasa \u2013<em>\u00a0p.spicha@palacmlodziezy.pl<\/em><\/p>\n\n\n\n<p class=\"wp-block-paragraph\"><strong>GALERIA PA\u0141ACU M\u0141ODZIE\u017bY<\/strong><\/p>\n\n\n\n<p class=\"has-medium-font-size wp-block-paragraph\"><strong>mgr\u00a0Anna Rejowska \u2013 Gumulak<\/strong> \u2013 kierownik Galerii, nauczyciel plastyki\u00a0<em>\u2013 a.rejowska.gumulak@palacmlodziezy.pl<br><\/em><strong>mgr\u00a0Ma\u0142gorzata Gromala<\/strong> \u2013 nauczyciel plastyki<em>\u00a0\u2013 m.gromala@palacmlodziezy.pl<br><\/em><strong>mgr\u00a0Krzysztof Stachura <\/strong>\u2013 nauczyciel grupy multimedialnej \u2013\u00a0<em>k.stachura@palacmlodziezy.pl<br><\/em><strong>mgr\u00a0\u0141ukasz Workiewicz<\/strong> \u2013 nauczyciel modelarstwa kartonowego\u00a0<em>\u2013 l.workiewicz@palacmlodziezy.pl<br><\/em><strong>mgr\u00a0Jarogniew Barciszewski-Kozio\u0142<\/strong> \u2013 nauczyciel plastyki \u2013<em>\u00a0j.barciszewski.koziol@palacmlodziezy.pl<br><\/em><strong>mgr\u00a0Agnieszka Zych <\/strong>\u2013 nauczyciel plastyki<em>\u00a0\u2013 a.zych@palacmlodziezy.pl<\/em><\/p>\n\n\n\n<p class=\"wp-block-paragraph\"><strong>KSI\u0118GOWO\u015a\u0106<\/strong><\/p>\n\n\n\n<p class=\"has-medium-font-size wp-block-paragraph\"><strong>mgr\u00a0Dorota Zychowicz<\/strong> \u2013 g\u0142\u00f3wna ksi\u0119gowa\u00a0<em>\u2013 ksiegowa@palacmlodziezy.pl<br><\/em><strong>mgr\u00a0Marta W\u00f3js<\/strong> \u2013 g\u0142\u00f3wna ksi\u0119gowa, zast\u0119pstwo za\u00a0Pani\u0105 Dorot\u0119 Zychowicz<\/p>\n\n\n\n<p class=\"wp-block-paragraph\"><strong>PRACOWNICY ADMINISTRACJI<\/strong><\/p>\n\n\n\n<p class=\"has-medium-font-size wp-block-paragraph\"><strong>Halina Cempa<\/strong> \u2013 samodzielny referent administracyjny<br><strong>mgr Renata Zieli\u0144ska<\/strong> \u2013 specjalista do\u00a0spraw finansowo \u2013 administracyjnych<br><strong>mgr Natalia Saferna <\/strong>\u2013 referent do\u00a0spraw imprez\u00a0<em>\u2013 kultura@palacmlodziezy.pl<\/em><br><strong>mgr Katarzyna Szarata<\/strong> \u2013 samodzielny referent administracyjny<br><strong>mgr Bogus\u0142aw Czop <\/strong>\u2013 referent do\u00a0spraw imprez\u00a0<em>\u2013 kultura@palacmlodziezy.pl, zast\u0119pstwo za\u00a0Pani\u0105 Natali\u0119 Safern\u0119<\/em><\/p>\n\n\n\n<p class=\"wp-block-paragraph\"><strong>PRACOWNICY OBS\u0141UGI<\/strong><\/p>\n\n\n\n<p class=\"has-medium-font-size wp-block-paragraph\"><strong>Halina Olesiak<br>Ewa Pasiut<br>Rafa\u0142 Mr\u00f3z<\/strong><\/p>\n\n\n\n<p class=\"has-medium-font-size wp-block-paragraph\"><strong>Ewa \u0141\u0119czycka<br>Dorota Bieniek<br>Jadwiga G\u0142\u00f3d<\/strong><\/p>\n\n\n\n<p class=\"has-medium-font-size wp-block-paragraph\"><strong>mgr\u00a0Tomasz Rucha\u0142a<\/strong><\/p>\n\n\n\n<p class=\"has-medium-font-size wp-block-paragraph\"><strong>\u0141ukasz Owsianka<\/strong><\/p>\n\n\n\n<p class=\"has-medium-font-size wp-block-paragraph\"><strong>Tomasz Hopek<\/strong><\/p>\n\n\n\n<p class=\"wp-block-paragraph\"><\/p>\n","protected":false},"excerpt":{"rendered":"<p>Dyrektor Pa\u0142acu M\u0142odzie\u017cy mgr&nbsp;Milenia Ma\u0142ecka-Rogal \u2013&nbsp;m.malecka.rogal@palacmlodziezy.pl Wicedyrektor Pa\u0142acu M\u0142odzie\u017cy mgr Urszula Baziak \u2013 wicedyrektor, nauczyciel baletu&nbsp;\u2013 u.baziak@palacmlodziezy.pl DZIA\u0141 FOLKLORU I&nbsp;TRADYCJI mgr&nbsp;Barbara S\u0142awecka \u2013 kierownik dzia\u0142u i&nbsp;Regionalnego Zespo\u0142u \u201eS\u0105deczoki\u201d\u2013 b.slawecka@palacmlodziezy.plmgr Marlena Bulanda \u2013 nauczyciel ta\u0144ca&nbsp;\u2013 m.bulanda@palacmlodziezy.plmgr Joanna Chowaniec \u2013 nauczyciel muzyki&nbsp;\u2013 j.chowaniecz@palacmlodziezy.plmgr Agnieszka Gawlik \u2013 nauczyciel muzyki, gry na&nbsp;skrzypcach&nbsp;\u2013 a.gawlik@palacmlodziezy.plmgr Ma\u0142gorzata Grodzka-K\u0105dzio\u0142ka \u2013 nauczyciel ta\u0144ca&nbsp;\u2013 m.grodzkakadziolka@palacmlodziezy.plmgr [&hellip;]<\/p>\n","protected":false},"author":1,"featured_media":0,"parent":0,"menu_order":0,"comment_status":"closed","ping_status":"closed","template":"","meta":{"footnotes":""},"class_list":["post-12","page","type-page","status-publish","hentry"],"yoast_head":"<!-- This site is optimized with the Yoast SEO plugin v28.0 - https:\/\/yoast.com\/product\/yoast-seo-wordpress\/ -->\n<title>Pracownicy - Pa\u0142ac M\u0142odzie\u017cy<\/title>\n<meta name=\"robots\" content=\"index, follow, max-snippet:-1, max-image-preview:large, max-video-preview:-1\" \/>\n<link rel=\"canonical\" href=\"https:\/\/pmmns.palacmlodziezy.pl\/?page_id=12\" \/>\n<meta property=\"og:locale\" content=\"pl_PL\" \/>\n<meta property=\"og:type\" content=\"article\" \/>\n<meta property=\"og:title\" content=\"Pracownicy - Pa\u0142ac M\u0142odzie\u017cy\" \/>\n<meta property=\"og:description\" content=\"Dyrektor Pa\u0142acu M\u0142odzie\u017cy mgr&nbsp;Milenia Ma\u0142ecka-Rogal \u2013&nbsp;m.malecka.rogal@palacmlodziezy.pl Wicedyrektor Pa\u0142acu M\u0142odzie\u017cy mgr Urszula Baziak \u2013 wicedyrektor, nauczyciel baletu&nbsp;\u2013 u.baziak@palacmlodziezy.pl DZIA\u0141 FOLKLORU I&nbsp;TRADYCJI mgr&nbsp;Barbara S\u0142awecka \u2013 kierownik dzia\u0142u i&nbsp;Regionalnego Zespo\u0142u \u201eS\u0105deczoki\u201d\u2013 b.slawecka@palacmlodziezy.plmgr Marlena Bulanda \u2013 nauczyciel ta\u0144ca&nbsp;\u2013 m.bulanda@palacmlodziezy.plmgr Joanna Chowaniec \u2013 nauczyciel muzyki&nbsp;\u2013 j.chowaniecz@palacmlodziezy.plmgr Agnieszka Gawlik \u2013 nauczyciel muzyki, gry na&nbsp;skrzypcach&nbsp;\u2013 a.gawlik@palacmlodziezy.plmgr Ma\u0142gorzata Grodzka-K\u0105dzio\u0142ka \u2013 nauczyciel ta\u0144ca&nbsp;\u2013 m.grodzkakadziolka@palacmlodziezy.plmgr [&hellip;]\" \/>\n<meta property=\"og:url\" content=\"https:\/\/pmmns.palacmlodziezy.pl\/?page_id=12\" \/>\n<meta property=\"og:site_name\" content=\"Pa\u0142ac M\u0142odzie\u017cy\" \/>\n<meta property=\"article:modified_time\" content=\"2025-09-06T15:37:32+00:00\" \/>\n<meta name=\"twitter:card\" content=\"summary_large_image\" \/>\n<meta name=\"twitter:label1\" content=\"Szacowany czas czytania\" \/>\n\t<meta name=\"twitter:data1\" content=\"3 minuty\" \/>\n<script type=\"application\/ld+json\" class=\"yoast-schema-graph\">{\"@context\":\"https:\\\/\\\/schema.org\",\"@graph\":[{\"@type\":\"WebPage\",\"@id\":\"https:\\\/\\\/pmmns.palacmlodziezy.pl\\\/?page_id=12\",\"url\":\"https:\\\/\\\/pmmns.palacmlodziezy.pl\\\/?page_id=12\",\"name\":\"Pracownicy - Pa\u0142ac M\u0142odzie\u017cy\",\"isPartOf\":{\"@id\":\"https:\\\/\\\/pmmns.palacmlodziezy.pl\\\/#website\"},\"datePublished\":\"2025-09-06T15:29:38+00:00\",\"dateModified\":\"2025-09-06T15:37:32+00:00\",\"breadcrumb\":{\"@id\":\"https:\\\/\\\/pmmns.palacmlodziezy.pl\\\/?page_id=12#breadcrumb\"},\"inLanguage\":\"pl-PL\",\"potentialAction\":[{\"@type\":\"ReadAction\",\"target\":[\"https:\\\/\\\/pmmns.palacmlodziezy.pl\\\/?page_id=12\"]}]},{\"@type\":\"BreadcrumbList\",\"@id\":\"https:\\\/\\\/pmmns.palacmlodziezy.pl\\\/?page_id=12#breadcrumb\",\"itemListElement\":[{\"@type\":\"ListItem\",\"position\":1,\"name\":\"Strona g\u0142\u00f3wna\",\"item\":\"https:\\\/\\\/pmmns.palacmlodziezy.pl\\\/\"},{\"@type\":\"ListItem\",\"position\":2,\"name\":\"Pracownicy\"}]},{\"@type\":\"WebSite\",\"@id\":\"https:\\\/\\\/pmmns.palacmlodziezy.pl\\\/#website\",\"url\":\"https:\\\/\\\/pmmns.palacmlodziezy.pl\\\/\",\"name\":\"Pa\u0142ac M\u0142odzie\u017cy\",\"description\":\"Bo tu warto wraca\u0107...\",\"publisher\":{\"@id\":\"https:\\\/\\\/pmmns.palacmlodziezy.pl\\\/#organization\"},\"potentialAction\":[{\"@type\":\"SearchAction\",\"target\":{\"@type\":\"EntryPoint\",\"urlTemplate\":\"https:\\\/\\\/pmmns.palacmlodziezy.pl\\\/?s={search_term_string}\"},\"query-input\":{\"@type\":\"PropertyValueSpecification\",\"valueRequired\":true,\"valueName\":\"search_term_string\"}}],\"inLanguage\":\"pl-PL\"},{\"@type\":\"Organization\",\"@id\":\"https:\\\/\\\/pmmns.palacmlodziezy.pl\\\/#organization\",\"name\":\"Pa\u0142ac M\u0142odzie\u017cy\",\"url\":\"https:\\\/\\\/pmmns.palacmlodziezy.pl\\\/\",\"logo\":{\"@type\":\"ImageObject\",\"inLanguage\":\"pl-PL\",\"@id\":\"https:\\\/\\\/pmmns.palacmlodziezy.pl\\\/#\\\/schema\\\/logo\\\/image\\\/\",\"url\":\"https:\\\/\\\/pmmns.palacmlodziezy.pl\\\/wp-content\\\/uploads\\\/2025\\\/09\\\/cropped-Tekst-akapitu.png\",\"contentUrl\":\"https:\\\/\\\/pmmns.palacmlodziezy.pl\\\/wp-content\\\/uploads\\\/2025\\\/09\\\/cropped-Tekst-akapitu.png\",\"width\":500,\"height\":500,\"caption\":\"Pa\u0142ac M\u0142odzie\u017cy\"},\"image\":{\"@id\":\"https:\\\/\\\/pmmns.palacmlodziezy.pl\\\/#\\\/schema\\\/logo\\\/image\\\/\"}}]}<\/script>\n<!-- \/ Yoast SEO plugin. -->","yoast_head_json":{"title":"Pracownicy - Pa\u0142ac M\u0142odzie\u017cy","robots":{"index":"index","follow":"follow","max-snippet":"max-snippet:-1","max-image-preview":"max-image-preview:large","max-video-preview":"max-video-preview:-1"},"canonical":"https:\/\/pmmns.palacmlodziezy.pl\/?page_id=12","og_locale":"pl_PL","og_type":"article","og_title":"Pracownicy - Pa\u0142ac M\u0142odzie\u017cy","og_description":"Dyrektor Pa\u0142acu M\u0142odzie\u017cy mgr&nbsp;Milenia Ma\u0142ecka-Rogal \u2013&nbsp;m.malecka.rogal@palacmlodziezy.pl Wicedyrektor Pa\u0142acu M\u0142odzie\u017cy mgr Urszula Baziak \u2013 wicedyrektor, nauczyciel baletu&nbsp;\u2013 u.baziak@palacmlodziezy.pl DZIA\u0141 FOLKLORU I&nbsp;TRADYCJI mgr&nbsp;Barbara S\u0142awecka \u2013 kierownik dzia\u0142u i&nbsp;Regionalnego Zespo\u0142u \u201eS\u0105deczoki\u201d\u2013 b.slawecka@palacmlodziezy.plmgr Marlena Bulanda \u2013 nauczyciel ta\u0144ca&nbsp;\u2013 m.bulanda@palacmlodziezy.plmgr Joanna Chowaniec \u2013 nauczyciel muzyki&nbsp;\u2013 j.chowaniecz@palacmlodziezy.plmgr Agnieszka Gawlik \u2013 nauczyciel muzyki, gry na&nbsp;skrzypcach&nbsp;\u2013 a.gawlik@palacmlodziezy.plmgr Ma\u0142gorzata Grodzka-K\u0105dzio\u0142ka \u2013 nauczyciel ta\u0144ca&nbsp;\u2013 m.grodzkakadziolka@palacmlodziezy.plmgr [&hellip;]","og_url":"https:\/\/pmmns.palacmlodziezy.pl\/?page_id=12","og_site_name":"Pa\u0142ac M\u0142odzie\u017cy","article_modified_time":"2025-09-06T15:37:32+00:00","twitter_card":"summary_large_image","twitter_misc":{"Szacowany czas czytania":"3 minuty"},"schema":{"@context":"https:\/\/schema.org","@graph":[{"@type":"WebPage","@id":"https:\/\/pmmns.palacmlodziezy.pl\/?page_id=12","url":"https:\/\/pmmns.palacmlodziezy.pl\/?page_id=12","name":"Pracownicy - Pa\u0142ac M\u0142odzie\u017cy","isPartOf":{"@id":"https:\/\/pmmns.palacmlodziezy.pl\/#website"},"datePublished":"2025-09-06T15:29:38+00:00","dateModified":"2025-09-06T15:37:32+00:00","breadcrumb":{"@id":"https:\/\/pmmns.palacmlodziezy.pl\/?page_id=12#breadcrumb"},"inLanguage":"pl-PL","potentialAction":[{"@type":"ReadAction","target":["https:\/\/pmmns.palacmlodziezy.pl\/?page_id=12"]}]},{"@type":"BreadcrumbList","@id":"https:\/\/pmmns.palacmlodziezy.pl\/?page_id=12#breadcrumb","itemListElement":[{"@type":"ListItem","position":1,"name":"Strona g\u0142\u00f3wna","item":"https:\/\/pmmns.palacmlodziezy.pl\/"},{"@type":"ListItem","position":2,"name":"Pracownicy"}]},{"@type":"WebSite","@id":"https:\/\/pmmns.palacmlodziezy.pl\/#website","url":"https:\/\/pmmns.palacmlodziezy.pl\/","name":"Pa\u0142ac M\u0142odzie\u017cy","description":"Bo tu warto wraca\u0107...","publisher":{"@id":"https:\/\/pmmns.palacmlodziezy.pl\/#organization"},"potentialAction":[{"@type":"SearchAction","target":{"@type":"EntryPoint","urlTemplate":"https:\/\/pmmns.palacmlodziezy.pl\/?s={search_term_string}"},"query-input":{"@type":"PropertyValueSpecification","valueRequired":true,"valueName":"search_term_string"}}],"inLanguage":"pl-PL"},{"@type":"Organization","@id":"https:\/\/pmmns.palacmlodziezy.pl\/#organization","name":"Pa\u0142ac M\u0142odzie\u017cy","url":"https:\/\/pmmns.palacmlodziezy.pl\/","logo":{"@type":"ImageObject","inLanguage":"pl-PL","@id":"https:\/\/pmmns.palacmlodziezy.pl\/#\/schema\/logo\/image\/","url":"https:\/\/pmmns.palacmlodziezy.pl\/wp-content\/uploads\/2025\/09\/cropped-Tekst-akapitu.png","contentUrl":"https:\/\/pmmns.palacmlodziezy.pl\/wp-content\/uploads\/2025\/09\/cropped-Tekst-akapitu.png","width":500,"height":500,"caption":"Pa\u0142ac M\u0142odzie\u017cy"},"image":{"@id":"https:\/\/pmmns.palacmlodziezy.pl\/#\/schema\/logo\/image\/"}}]}},"_links":{"self":[{"href":"https:\/\/pmmns.palacmlodziezy.pl\/index.php?rest_route=\/wp\/v2\/pages\/12","targetHints":{"allow":["GET"]}}],"collection":[{"href":"https:\/\/pmmns.palacmlodziezy.pl\/index.php?rest_route=\/wp\/v2\/pages"}],"about":[{"href":"https:\/\/pmmns.palacmlodziezy.pl\/index.php?rest_route=\/wp\/v2\/types\/page"}],"author":[{"embeddable":true,"href":"https:\/\/pmmns.palacmlodziezy.pl\/index.php?rest_route=\/wp\/v2\/users\/1"}],"replies":[{"embeddable":true,"href":"https:\/\/pmmns.palacmlodziezy.pl\/index.php?rest_route=%2Fwp%2Fv2%2Fcomments&post=12"}],"version-history":[{"count":7,"href":"https:\/\/pmmns.palacmlodziezy.pl\/index.php?rest_route=\/wp\/v2\/pages\/12\/revisions"}],"predecessor-version":[{"id":21,"href":"https:\/\/pmmns.palacmlodziezy.pl\/index.php?rest_route=\/wp\/v2\/pages\/12\/revisions\/21"}],"wp:attachment":[{"href":"https:\/\/pmmns.palacmlodziezy.pl\/index.php?rest_route=%2Fwp%2Fv2%2Fmedia&parent=12"}],"curies":[{"name":"wp","href":"https:\/\/api.w.org\/{rel}","templated":true}]}}